{"id":23,"date":"2022-08-24T15:11:16","date_gmt":"2022-08-24T15:11:16","guid":{"rendered":"https:\/\/ruralrafaela.com.ar\/exporural2025\/?page_id=23"},"modified":"2025-10-15T18:19:40","modified_gmt":"2025-10-15T18:19:40","slug":"118o-expo-rural-rafaela-2025","status":"publish","type":"page","link":"https:\/\/ruralrafaela.com.ar\/exporural2025\/","title":{"rendered":"118\u00ba Expo Rural Rafaela 2025"},"content":{"rendered":"\t\t<div data-elementor-type=\"wp-page\" data-elementor-id=\"23\" class=\"elementor elementor-23\">\n\t\t\t\t\t\t<section class=\"elementor-section elementor-top-section elementor-element elementor-element-5eaee83 elementor-section-full_width elementor-section-stretched elementor-section-height-default elementor-section-height-default\" data-id=\"5eaee83\" data-element_type=\"section\" data-e-type=\"section\" data-settings=\"{&quot;stretch_section&quot;:&quot;section-stretched&quot;}\">\n\t\t\t\t\t\t<div class=\"elementor-container elementor-column-gap-default\">\n\t\t\t\t\t<div class=\"elementor-column elementor-col-100 elementor-top-column elementor-element elementor-element-9320668\" data-id=\"9320668\" data-element_type=\"column\" data-e-type=\"column\">\n\t\t\t<div class=\"elementor-widget-wrap elementor-element-populated\">\n\t\t\t\t\t\t<div class=\"elementor-element elementor-element-f6d916c elementor-widget elementor-widget-heading\" data-id=\"f6d916c\" data-element_type=\"widget\" data-e-type=\"widget\" data-widget_type=\"heading.default\">\n\t\t\t\t<div class=\"elementor-widget-container\">\n\t\t\t\t\t<h2 class=\"elementor-heading-title elementor-size-default\">118\u00ba Expo Rural Rafaela del 18 al 21 de Sep de 2025 - Video Resumen de los 4 d\u00edas<\/h2>\t\t\t\t<\/div>\n\t\t\t\t<\/div>\n\t\t\t\t<div class=\"elementor-element elementor-element-1cbb601 elementor-widget elementor-widget-video\" data-id=\"1cbb601\" data-element_type=\"widget\" data-e-type=\"widget\" data-settings=\"{&quot;youtube_url&quot;:&quot;https:\\\/\\\/www.youtube.com\\\/watch?v=tm0SeXsZ2Yc&quot;,&quot;video_type&quot;:&quot;youtube&quot;,&quot;controls&quot;:&quot;yes&quot;}\" data-widget_type=\"video.default\">\n\t\t\t\t<div class=\"elementor-widget-container\">\n\t\t\t\t\t\t\t<div class=\"elementor-wrapper elementor-open-inline\">\n\t\t\t<div class=\"elementor-video\"><\/div>\t\t<\/div>\n\t\t\t\t\t\t<\/div>\n\t\t\t\t<\/div>\n\t\t\t\t<div class=\"elementor-element elementor-element-ad2aaca elementor-widget elementor-widget-heading\" data-id=\"ad2aaca\" data-element_type=\"widget\" data-e-type=\"widget\" data-widget_type=\"heading.default\">\n\t\t\t\t<div class=\"elementor-widget-container\">\n\t\t\t\t\t<h1 class=\"elementor-heading-title elementor-size-default\">Del 18 al 21 de septiembre, viv\u00ed la 118\u00aa edici\u00f3n de la muestra que une campo y ciudad en una experiencia \u00fanica de producci\u00f3n, tecnolog\u00eda, educaci\u00f3n y familia.\n<\/h1>\t\t\t\t<\/div>\n\t\t\t\t<\/div>\n\t\t\t\t<div class=\"elementor-element elementor-element-44f81fd elementor-widget elementor-widget-text-editor\" data-id=\"44f81fd\" data-element_type=\"widget\" data-e-type=\"widget\" data-widget_type=\"text-editor.default\">\n\t\t\t\t<div class=\"elementor-widget-container\">\n\t\t\t\t\t\t\t\t\t<h4><span style=\"font-weight: 400;\">Cada Expo es un nuevo cap\u00edtulo en una historia que construimos entre todos: productores, empresas, instituciones, estudiantes, profesionales, vecinos. Una historia que tiene profundas ra\u00edces en nuestra tradici\u00f3n rural, pero que mira con decisi\u00f3n hacia el futuro.<\/span><\/h4><h4><span style=\"font-weight: 400;\">Este a\u00f1o elegimos poner el acento en dos palabras que nos representan: <\/span><b>tradici\u00f3n con innovaci\u00f3n<\/b><span style=\"font-weight: 400;\">. Porque si hay algo que caracteriza a nuestro sector es esa capacidad de mantener vivas las costumbres y, al mismo tiempo, incorporar tecnolog\u00edas, procesos y conocimientos que nos permiten producir mejor, con mayor eficiencia, conservar m\u00e1s el ambiente y generar nuevas oportunidades de crecimiento y desarrollo para nuestra gente.<\/span><\/h4><h4><b>La Expo no es solo un punto de encuentro. Es tambi\u00e9n una muestra del enorme potencial de nuestra regi\u00f3n.<\/b><\/h4>\t\t\t\t\t\t\t\t<\/div>\n\t\t\t\t<\/div>\n\t\t\t\t<div class=\"elementor-element elementor-element-6f0e6ca elementor-widget__width-inherit elementor-widget elementor-widget-image\" data-id=\"6f0e6ca\" data-element_type=\"widget\" data-e-type=\"widget\" data-widget_type=\"image.default\">\n\t\t\t\t<div class=\"elementor-widget-container\">\n\t\t\t\t\t\t\t\t\t\t\t\t\t\t\t<img fetchpriority=\"high\" decoding=\"async\" width=\"1920\" height=\"332\" src=\"https:\/\/ruralrafaela.com.ar\/exporural2025\/wp-content\/uploads\/sites\/24\/2022\/10\/panoramica01.jpg\" class=\"attachment-full size-full wp-image-6121\" alt=\"\" srcset=\"https:\/\/ruralrafaela.com.ar\/exporural2025\/wp-content\/uploads\/sites\/24\/2022\/10\/panoramica01.jpg 1920w, https:\/\/ruralrafaela.com.ar\/exporural2025\/wp-content\/uploads\/sites\/24\/2022\/10\/panoramica01-300x52.jpg 300w, https:\/\/ruralrafaela.com.ar\/exporural2025\/wp-content\/uploads\/sites\/24\/2022\/10\/panoramica01-1024x177.jpg 1024w, https:\/\/ruralrafaela.com.ar\/exporural2025\/wp-content\/uploads\/sites\/24\/2022\/10\/panoramica01-768x133.jpg 768w, https:\/\/ruralrafaela.com.ar\/exporural2025\/wp-content\/uploads\/sites\/24\/2022\/10\/panoramica01-1536x266.jpg 1536w\" sizes=\"(max-width: 1920px) 100vw, 1920px\" \/>\t\t\t\t\t\t\t\t\t\t\t\t\t\t\t<\/div>\n\t\t\t\t<\/div>\n\t\t\t\t<div class=\"elementor-element elementor-element-717f8c5 elementor-widget elementor-widget-image\" data-id=\"717f8c5\" data-element_type=\"widget\" data-e-type=\"widget\" data-widget_type=\"image.default\">\n\t\t\t\t<div class=\"elementor-widget-container\">\n\t\t\t\t\t\t\t\t\t\t\t\t\t\t\t<img decoding=\"async\" width=\"1920\" height=\"414\" src=\"https:\/\/ruralrafaela.com.ar\/exporural2025\/wp-content\/uploads\/sites\/24\/2022\/10\/panoramica02.jpg\" class=\"attachment-full size-full wp-image-6122\" alt=\"\" srcset=\"https:\/\/ruralrafaela.com.ar\/exporural2025\/wp-content\/uploads\/sites\/24\/2022\/10\/panoramica02.jpg 1920w, https:\/\/ruralrafaela.com.ar\/exporural2025\/wp-content\/uploads\/sites\/24\/2022\/10\/panoramica02-300x65.jpg 300w, https:\/\/ruralrafaela.com.ar\/exporural2025\/wp-content\/uploads\/sites\/24\/2022\/10\/panoramica02-1024x221.jpg 1024w, https:\/\/ruralrafaela.com.ar\/exporural2025\/wp-content\/uploads\/sites\/24\/2022\/10\/panoramica02-768x166.jpg 768w, https:\/\/ruralrafaela.com.ar\/exporural2025\/wp-content\/uploads\/sites\/24\/2022\/10\/panoramica02-1536x331.jpg 1536w\" sizes=\"(max-width: 1920px) 100vw, 1920px\" \/>\t\t\t\t\t\t\t\t\t\t\t\t\t\t\t<\/div>\n\t\t\t\t<\/div>\n\t\t\t\t\t<\/div>\n\t\t<\/div>\n\t\t\t\t\t<\/div>\n\t\t<\/section>\n\t\t\t\t<section class=\"elementor-section elementor-top-section elementor-element elementor-element-5d4fb8d elementor-section-full_width elementor-section-stretched elementor-section-height-default elementor-section-height-default\" data-id=\"5d4fb8d\" data-element_type=\"section\" data-e-type=\"section\" data-settings=\"{&quot;stretch_section&quot;:&quot;section-stretched&quot;}\">\n\t\t\t\t\t\t<div class=\"elementor-container elementor-column-gap-default\">\n\t\t\t\t\t<div class=\"elementor-column elementor-col-100 elementor-top-column elementor-element elementor-element-e57d333\" data-id=\"e57d333\" data-element_type=\"column\" data-e-type=\"column\">\n\t\t\t<div class=\"elementor-widget-wrap elementor-element-populated\">\n\t\t\t\t\t\t<div class=\"elementor-element elementor-element-a08bc23 elementor-widget elementor-widget-heading\" data-id=\"a08bc23\" data-element_type=\"widget\" data-e-type=\"widget\" data-widget_type=\"heading.default\">\n\t\t\t\t<div class=\"elementor-widget-container\">\n\t\t\t\t\t<h2 class=\"elementor-heading-title elementor-size-default\">NOVEDADES<\/h2>\t\t\t\t<\/div>\n\t\t\t\t<\/div>\n\t\t\t\t\t<\/div>\n\t\t<\/div>\n\t\t\t\t\t<\/div>\n\t\t<\/section>\n\t\t\t\t<section class=\"elementor-section elementor-top-section elementor-element elementor-element-bf422c3 elementor-section-full_width elementor-section-stretched elementor-section-height-default elementor-section-height-default\" data-id=\"bf422c3\" data-element_type=\"section\" data-e-type=\"section\" data-settings=\"{&quot;stretch_section&quot;:&quot;section-stretched&quot;}\">\n\t\t\t\t\t\t<div class=\"elementor-container elementor-column-gap-default\">\n\t\t\t\t\t<div class=\"elementor-column elementor-col-100 elementor-top-column elementor-element elementor-element-31b5a32\" data-id=\"31b5a32\" data-element_type=\"column\" data-e-type=\"column\">\n\t\t\t<div class=\"elementor-widget-wrap elementor-element-populated\">\n\t\t\t\t\t\t<div class=\"elementor-element elementor-element-a8ec911 premium-blog-align-left elementor-widget elementor-widget-premium-addon-blog\" data-id=\"a8ec911\" data-element_type=\"widget\" data-e-type=\"widget\" data-settings=\"{&quot;force_height&quot;:&quot;true&quot;,&quot;premium_blog_columns_number&quot;:&quot;25%&quot;,&quot;premium_blog_grid&quot;:&quot;yes&quot;,&quot;premium_blog_layout&quot;:&quot;even&quot;,&quot;premium_blog_columns_number_tablet&quot;:&quot;50%&quot;,&quot;premium_blog_columns_number_mobile&quot;:&quot;100%&quot;,&quot;scroll_to_offset&quot;:&quot;yes&quot;}\" data-widget_type=\"premium-addon-blog.default\">\n\t\t\t\t<div class=\"elementor-widget-container\">\n\t\t\t\t\t\n\t\t\n\n\t\t\t\t<div class=\"premium-blog-wrap  premium-blog-even\" data-page=\"23\" data-pagination=\"true\">\n\t\t\t\t\t\t\t\t\t<div class=\"premium-blog-post-outer-container\" data-total=\"5\">\n\t\t\t<div class=\"premium-blog-post-container premium-blog-skin-modern\">\n\t\t\t\t\t\t\t\t\t<div class=\"premium-blog-thumb-effect-wrapper\">\n\t\t\t\t\t\t<div class=\"premium-blog-thumbnail-container premium-blog-zoomin-effect\">\n\t\t\t\t\t\t\t\t\t\t\t<a href=\"https:\/\/ruralrafaela.com.ar\/exporural2025\/2025\/09\/21\/el-campo-tiene-la-fuerza-y-la-capacidad-de-poner-al-pais-de-pie-pero-necesita-libertad-seguridad-y-un-marco-justo-para-producir\/\" target=\"_self\">\n\t\t\t\t<img decoding=\"async\" width=\"1600\" height=\"1070\" src=\"https:\/\/ruralrafaela.com.ar\/exporural2025\/wp-content\/uploads\/sites\/24\/2025\/09\/Imagen-de-WhatsApp-2025-09-21-a-las-16.20.11_999b3702-1.jpg\" class=\"attachment-full size-full wp-image-7296\" alt=\"\" srcset=\"https:\/\/ruralrafaela.com.ar\/exporural2025\/wp-content\/uploads\/sites\/24\/2025\/09\/Imagen-de-WhatsApp-2025-09-21-a-las-16.20.11_999b3702-1.jpg 1600w, https:\/\/ruralrafaela.com.ar\/exporural2025\/wp-content\/uploads\/sites\/24\/2025\/09\/Imagen-de-WhatsApp-2025-09-21-a-las-16.20.11_999b3702-1-300x201.jpg 300w, https:\/\/ruralrafaela.com.ar\/exporural2025\/wp-content\/uploads\/sites\/24\/2025\/09\/Imagen-de-WhatsApp-2025-09-21-a-las-16.20.11_999b3702-1-1024x685.jpg 1024w, https:\/\/ruralrafaela.com.ar\/exporural2025\/wp-content\/uploads\/sites\/24\/2025\/09\/Imagen-de-WhatsApp-2025-09-21-a-las-16.20.11_999b3702-1-768x514.jpg 768w, https:\/\/ruralrafaela.com.ar\/exporural2025\/wp-content\/uploads\/sites\/24\/2025\/09\/Imagen-de-WhatsApp-2025-09-21-a-las-16.20.11_999b3702-1-1536x1027.jpg 1536w\" sizes=\"(max-width: 1600px) 100vw, 1600px\" \/>\t\t\t\t<\/a>\n\t\t\t\t\t\t\t\t\t\t<\/div>\n\t\t\t\t\t\t\t\t\t\t\t\t\t<div class=\"premium-blog-effect-container premium-blog-diagonal-effect\">\n\t\t\t\t\t\t\t\t<a class=\"premium-blog-post-link\" href=\"https:\/\/ruralrafaela.com.ar\/exporural2025\/2025\/09\/21\/el-campo-tiene-la-fuerza-y-la-capacidad-de-poner-al-pais-de-pie-pero-necesita-libertad-seguridad-y-un-marco-justo-para-producir\/\" target=\"_self\"><span>\u201cEl campo tiene la fuerza y la capacidad de poner al pa\u00eds de pie, pero necesita libertad, seguridad y un marco justo para producir\u201d<\/span><\/a>\n\t\t\t\t\t\t\t\t\t\t\t\t\t\t\t<\/div>\n\t\t\t\t\t\t\t\t\t\t\t<\/div>\n\t\t\t\t\t\t\t\t\t\t\t\t<div class=\"premium-blog-content-wrapper \">\n\n\t\t\t\t\t<div class=\"premium-blog-inner-container\">\n\n\t\t\t\t\t\t\t\t\t\t\t\t\t\t<h2 class=\"premium-blog-entry-title\">\n\t\t\t<a href=\"https:\/\/ruralrafaela.com.ar\/exporural2025\/2025\/09\/21\/el-campo-tiene-la-fuerza-y-la-capacidad-de-poner-al-pais-de-pie-pero-necesita-libertad-seguridad-y-un-marco-justo-para-producir\/\" target=\"_self\">\n\t\t\t\t\u201cEl campo tiene la fuerza y la capacidad de poner al pa\u00eds de pie, pero necesita libertad, seguridad y un marco justo para producir\u201d\t\t\t<\/a>\n\t\t<\/h2>\n\t\t\t\t<div class=\"premium-blog-entry-meta\">\n\t\t\t\n\t\t\t\t\t\t\t<span class=\"premium-blog-meta-separator\">\u2022<\/span>\n\t\t\t\t<div class=\"premium-blog-post-time premium-blog-meta-data\">\n\t\t\t\t\t<i class=\"fa fa-calendar-alt\" aria-hidden=\"true\"><\/i>\n\t\t\t\t\t<span>21 de septiembre de 2025<\/span>\n\t\t\t\t<\/div>\n\t\t\t\n\t\t\t\n\t\t\t\t\t<\/div>\n\t\t\n\t\t\t\t\t<\/div>\n\n\t\t\t\t\t\t\t<div class=\"premium-blog-content-inner-wrapper\">\n\t\t<p class=\"premium-blog-post-content\">Leonardo Alassia, presidente de la Sociedad Rural de Rafalea brind\u00f3 un discurso concreto sobre la realidad del sector agropecuario y sus necesidades, ante autoridades provinciales y locales. En el \u00faltimo<\/p><div class=\"premium-blog-excerpt-link-wrap\"><a href=\"https:\/\/ruralrafaela.com.ar\/exporural2025\/2025\/09\/21\/el-campo-tiene-la-fuerza-y-la-capacidad-de-poner-al-pais-de-pie-pero-necesita-libertad-seguridad-y-un-marco-justo-para-producir\/\" target=\"_self\" class=\"premium-blog-excerpt-link elementor-button\">Leer m\u00e1s \u2192<\/a><\/div>\t\t<\/div>\n\t\t\t\t\t\t\t\n\t\t\t\t<\/div>\n\t\t\t<\/div>\n\t\t<\/div>\n\n\t\t\t\t<div class=\"premium-blog-post-outer-container\" data-total=\"5\">\n\t\t\t<div class=\"premium-blog-post-container premium-blog-skin-modern\">\n\t\t\t\t\t\t\t\t\t<div class=\"premium-blog-thumb-effect-wrapper\">\n\t\t\t\t\t\t<div class=\"premium-blog-thumbnail-container premium-blog-zoomin-effect\">\n\t\t\t\t\t\t\t\t\t\t\t<a href=\"https:\/\/ruralrafaela.com.ar\/exporural2025\/2025\/09\/21\/rafaela-celebro-el-centenario-de-la-jura-de-animales-de-granja-por-estandar\/\" target=\"_self\">\n\t\t\t\t<img loading=\"lazy\" decoding=\"async\" width=\"2080\" height=\"1387\" src=\"https:\/\/ruralrafaela.com.ar\/exporural2025\/wp-content\/uploads\/sites\/24\/2025\/09\/Jura-gallinas-2-de-12.jpg\" class=\"attachment-full size-full wp-image-7284\" alt=\"\" srcset=\"https:\/\/ruralrafaela.com.ar\/exporural2025\/wp-content\/uploads\/sites\/24\/2025\/09\/Jura-gallinas-2-de-12.jpg 2080w, https:\/\/ruralrafaela.com.ar\/exporural2025\/wp-content\/uploads\/sites\/24\/2025\/09\/Jura-gallinas-2-de-12-300x200.jpg 300w, https:\/\/ruralrafaela.com.ar\/exporural2025\/wp-content\/uploads\/sites\/24\/2025\/09\/Jura-gallinas-2-de-12-1024x683.jpg 1024w, https:\/\/ruralrafaela.com.ar\/exporural2025\/wp-content\/uploads\/sites\/24\/2025\/09\/Jura-gallinas-2-de-12-768x512.jpg 768w, https:\/\/ruralrafaela.com.ar\/exporural2025\/wp-content\/uploads\/sites\/24\/2025\/09\/Jura-gallinas-2-de-12-1536x1024.jpg 1536w, https:\/\/ruralrafaela.com.ar\/exporural2025\/wp-content\/uploads\/sites\/24\/2025\/09\/Jura-gallinas-2-de-12-2048x1366.jpg 2048w\" sizes=\"(max-width: 2080px) 100vw, 2080px\" \/>\t\t\t\t<\/a>\n\t\t\t\t\t\t\t\t\t\t<\/div>\n\t\t\t\t\t\t\t\t\t\t\t\t\t<div class=\"premium-blog-effect-container premium-blog-diagonal-effect\">\n\t\t\t\t\t\t\t\t<a class=\"premium-blog-post-link\" href=\"https:\/\/ruralrafaela.com.ar\/exporural2025\/2025\/09\/21\/rafaela-celebro-el-centenario-de-la-jura-de-animales-de-granja-por-estandar\/\" target=\"_self\"><span>Rafaela celebr\u00f3 el centenario de la jura de animales de granja por est\u00e1ndar<\/span><\/a>\n\t\t\t\t\t\t\t\t\t\t\t\t\t\t\t<\/div>\n\t\t\t\t\t\t\t\t\t\t\t<\/div>\n\t\t\t\t\t\t\t\t\t\t\t\t<div class=\"premium-blog-content-wrapper \">\n\n\t\t\t\t\t<div class=\"premium-blog-inner-container\">\n\n\t\t\t\t\t\t\t\t\t\t\t\t\t\t<h2 class=\"premium-blog-entry-title\">\n\t\t\t<a href=\"https:\/\/ruralrafaela.com.ar\/exporural2025\/2025\/09\/21\/rafaela-celebro-el-centenario-de-la-jura-de-animales-de-granja-por-estandar\/\" target=\"_self\">\n\t\t\t\tRafaela celebr\u00f3 el centenario de la jura de animales de granja por est\u00e1ndar\t\t\t<\/a>\n\t\t<\/h2>\n\t\t\t\t<div class=\"premium-blog-entry-meta\">\n\t\t\t\n\t\t\t\t\t\t\t<span class=\"premium-blog-meta-separator\">\u2022<\/span>\n\t\t\t\t<div class=\"premium-blog-post-time premium-blog-meta-data\">\n\t\t\t\t\t<i class=\"fa fa-calendar-alt\" aria-hidden=\"true\"><\/i>\n\t\t\t\t\t<span>21 de septiembre de 2025<\/span>\n\t\t\t\t<\/div>\n\t\t\t\n\t\t\t\n\t\t\t\t\t<\/div>\n\t\t\n\t\t\t\t\t<\/div>\n\n\t\t\t\t\t\t\t<div class=\"premium-blog-content-inner-wrapper\">\n\t\t<p class=\"premium-blog-post-content\">En el marco del resurgimiento de las exposiciones av\u00edcolas en el pa\u00eds, luego de las sucesivas restricciones por la gripe aviar, en la 118\u00b0 ExpoRural de Rafalea y la Regi\u00f3n<\/p><div class=\"premium-blog-excerpt-link-wrap\"><a href=\"https:\/\/ruralrafaela.com.ar\/exporural2025\/2025\/09\/21\/rafaela-celebro-el-centenario-de-la-jura-de-animales-de-granja-por-estandar\/\" target=\"_self\" class=\"premium-blog-excerpt-link elementor-button\">Leer m\u00e1s \u2192<\/a><\/div>\t\t<\/div>\n\t\t\t\t\t\t\t\n\t\t\t\t<\/div>\n\t\t\t<\/div>\n\t\t<\/div>\n\n\t\t\t\t<div class=\"premium-blog-post-outer-container\" data-total=\"5\">\n\t\t\t<div class=\"premium-blog-post-container premium-blog-skin-modern\">\n\t\t\t\t\t\t\t\t\t<div class=\"premium-blog-thumb-effect-wrapper\">\n\t\t\t\t\t\t<div class=\"premium-blog-thumbnail-container premium-blog-zoomin-effect\">\n\t\t\t\t\t\t\t\t\t\t\t<a href=\"https:\/\/ruralrafaela.com.ar\/exporural2025\/2025\/09\/21\/el-encuentro-interreligioso-en-la-expo-rural-2025-celebro-la-unidad-y-la-reflexion-compartida\/\" target=\"_self\">\n\t\t\t\t<img loading=\"lazy\" decoding=\"async\" width=\"1616\" height=\"1080\" src=\"https:\/\/ruralrafaela.com.ar\/exporural2025\/wp-content\/uploads\/sites\/24\/2025\/09\/IMG_2818.jpg\" class=\"attachment-full size-full wp-image-7279\" alt=\"\" srcset=\"https:\/\/ruralrafaela.com.ar\/exporural2025\/wp-content\/uploads\/sites\/24\/2025\/09\/IMG_2818.jpg 1616w, https:\/\/ruralrafaela.com.ar\/exporural2025\/wp-content\/uploads\/sites\/24\/2025\/09\/IMG_2818-300x200.jpg 300w, https:\/\/ruralrafaela.com.ar\/exporural2025\/wp-content\/uploads\/sites\/24\/2025\/09\/IMG_2818-1024x684.jpg 1024w, https:\/\/ruralrafaela.com.ar\/exporural2025\/wp-content\/uploads\/sites\/24\/2025\/09\/IMG_2818-768x513.jpg 768w, https:\/\/ruralrafaela.com.ar\/exporural2025\/wp-content\/uploads\/sites\/24\/2025\/09\/IMG_2818-1536x1027.jpg 1536w\" sizes=\"(max-width: 1616px) 100vw, 1616px\" \/>\t\t\t\t<\/a>\n\t\t\t\t\t\t\t\t\t\t<\/div>\n\t\t\t\t\t\t\t\t\t\t\t\t\t<div class=\"premium-blog-effect-container premium-blog-diagonal-effect\">\n\t\t\t\t\t\t\t\t<a class=\"premium-blog-post-link\" href=\"https:\/\/ruralrafaela.com.ar\/exporural2025\/2025\/09\/21\/el-encuentro-interreligioso-en-la-expo-rural-2025-celebro-la-unidad-y-la-reflexion-compartida\/\" target=\"_self\"><span>El Encuentro Interreligioso en la Expo Rural 2025 celebr\u00f3 la unidad y la reflexi\u00f3n compartida<\/span><\/a>\n\t\t\t\t\t\t\t\t\t\t\t\t\t\t\t<\/div>\n\t\t\t\t\t\t\t\t\t\t\t<\/div>\n\t\t\t\t\t\t\t\t\t\t\t\t<div class=\"premium-blog-content-wrapper \">\n\n\t\t\t\t\t<div class=\"premium-blog-inner-container\">\n\n\t\t\t\t\t\t\t\t\t\t\t\t\t\t<h2 class=\"premium-blog-entry-title\">\n\t\t\t<a href=\"https:\/\/ruralrafaela.com.ar\/exporural2025\/2025\/09\/21\/el-encuentro-interreligioso-en-la-expo-rural-2025-celebro-la-unidad-y-la-reflexion-compartida\/\" target=\"_self\">\n\t\t\t\tEl Encuentro Interreligioso en la Expo Rural 2025 celebr\u00f3 la unidad y la reflexi\u00f3n compartida\t\t\t<\/a>\n\t\t<\/h2>\n\t\t\t\t<div class=\"premium-blog-entry-meta\">\n\t\t\t\n\t\t\t\t\t\t\t<span class=\"premium-blog-meta-separator\">\u2022<\/span>\n\t\t\t\t<div class=\"premium-blog-post-time premium-blog-meta-data\">\n\t\t\t\t\t<i class=\"fa fa-calendar-alt\" aria-hidden=\"true\"><\/i>\n\t\t\t\t\t<span>21 de septiembre de 2025<\/span>\n\t\t\t\t<\/div>\n\t\t\t\n\t\t\t\n\t\t\t\t\t<\/div>\n\t\t\n\t\t\t\t\t<\/div>\n\n\t\t\t\t\t\t\t<div class=\"premium-blog-content-inner-wrapper\">\n\t\t<p class=\"premium-blog-post-content\">En el marco de la Expo Rural Rafaela 2025 se llev\u00f3 a cabo el Encuentro Interreligioso, un espacio de profunda gratitud y reflexi\u00f3n en comunidad. Bajo el lema \u201cMujeres rurales:<\/p><div class=\"premium-blog-excerpt-link-wrap\"><a href=\"https:\/\/ruralrafaela.com.ar\/exporural2025\/2025\/09\/21\/el-encuentro-interreligioso-en-la-expo-rural-2025-celebro-la-unidad-y-la-reflexion-compartida\/\" target=\"_self\" class=\"premium-blog-excerpt-link elementor-button\">Leer m\u00e1s \u2192<\/a><\/div>\t\t<\/div>\n\t\t\t\t\t\t\t\n\t\t\t\t<\/div>\n\t\t\t<\/div>\n\t\t<\/div>\n\n\t\t\t\t<div class=\"premium-blog-post-outer-container\" data-total=\"5\">\n\t\t\t<div class=\"premium-blog-post-container premium-blog-skin-modern\">\n\t\t\t\t\t\t\t\t\t<div class=\"premium-blog-thumb-effect-wrapper\">\n\t\t\t\t\t\t<div class=\"premium-blog-thumbnail-container premium-blog-zoomin-effect\">\n\t\t\t\t\t\t\t\t\t\t\t<a href=\"https:\/\/ruralrafaela.com.ar\/exporural2025\/2025\/09\/21\/se-realizo-el-67-concurso-de-dibujo-y-pintura-en-la-expo-rural-2025\/\" target=\"_self\">\n\t\t\t\t<img loading=\"lazy\" decoding=\"async\" width=\"1616\" height=\"1080\" src=\"https:\/\/ruralrafaela.com.ar\/exporural2025\/wp-content\/uploads\/sites\/24\/2025\/09\/IMG_2807-1.jpg\" class=\"attachment-full size-full wp-image-7272\" alt=\"\" srcset=\"https:\/\/ruralrafaela.com.ar\/exporural2025\/wp-content\/uploads\/sites\/24\/2025\/09\/IMG_2807-1.jpg 1616w, https:\/\/ruralrafaela.com.ar\/exporural2025\/wp-content\/uploads\/sites\/24\/2025\/09\/IMG_2807-1-300x200.jpg 300w, https:\/\/ruralrafaela.com.ar\/exporural2025\/wp-content\/uploads\/sites\/24\/2025\/09\/IMG_2807-1-1024x684.jpg 1024w, https:\/\/ruralrafaela.com.ar\/exporural2025\/wp-content\/uploads\/sites\/24\/2025\/09\/IMG_2807-1-768x513.jpg 768w, https:\/\/ruralrafaela.com.ar\/exporural2025\/wp-content\/uploads\/sites\/24\/2025\/09\/IMG_2807-1-1536x1027.jpg 1536w\" sizes=\"(max-width: 1616px) 100vw, 1616px\" \/>\t\t\t\t<\/a>\n\t\t\t\t\t\t\t\t\t\t<\/div>\n\t\t\t\t\t\t\t\t\t\t\t\t\t<div class=\"premium-blog-effect-container premium-blog-diagonal-effect\">\n\t\t\t\t\t\t\t\t<a class=\"premium-blog-post-link\" href=\"https:\/\/ruralrafaela.com.ar\/exporural2025\/2025\/09\/21\/se-realizo-el-67-concurso-de-dibujo-y-pintura-en-la-expo-rural-2025\/\" target=\"_self\"><span>Se realiz\u00f3 el 67\u00b0 Concurso de Dibujo y Pintura en la Expo Rural 2025<\/span><\/a>\n\t\t\t\t\t\t\t\t\t\t\t\t\t\t\t<\/div>\n\t\t\t\t\t\t\t\t\t\t\t<\/div>\n\t\t\t\t\t\t\t\t\t\t\t\t<div class=\"premium-blog-content-wrapper \">\n\n\t\t\t\t\t<div class=\"premium-blog-inner-container\">\n\n\t\t\t\t\t\t\t\t\t\t\t\t\t\t<h2 class=\"premium-blog-entry-title\">\n\t\t\t<a href=\"https:\/\/ruralrafaela.com.ar\/exporural2025\/2025\/09\/21\/se-realizo-el-67-concurso-de-dibujo-y-pintura-en-la-expo-rural-2025\/\" target=\"_self\">\n\t\t\t\tSe realiz\u00f3 el 67\u00b0 Concurso de Dibujo y Pintura en la Expo Rural 2025\t\t\t<\/a>\n\t\t<\/h2>\n\t\t\t\t<div class=\"premium-blog-entry-meta\">\n\t\t\t\n\t\t\t\t\t\t\t<span class=\"premium-blog-meta-separator\">\u2022<\/span>\n\t\t\t\t<div class=\"premium-blog-post-time premium-blog-meta-data\">\n\t\t\t\t\t<i class=\"fa fa-calendar-alt\" aria-hidden=\"true\"><\/i>\n\t\t\t\t\t<span>21 de septiembre de 2025<\/span>\n\t\t\t\t<\/div>\n\t\t\t\n\t\t\t\n\t\t\t\t\t<\/div>\n\t\t\n\t\t\t\t\t<\/div>\n\n\t\t\t\t\t\t\t<div class=\"premium-blog-content-inner-wrapper\">\n\t\t<p class=\"premium-blog-post-content\">En el marco de la 118\u00b0 Expo Rural de Rafaela y la Regi\u00f3n, se llev\u00f3 a cabo el tradicional Concurso de Dibujo y Pintura, que este a\u00f1o celebr\u00f3 su 67\u00b0<\/p><div class=\"premium-blog-excerpt-link-wrap\"><a href=\"https:\/\/ruralrafaela.com.ar\/exporural2025\/2025\/09\/21\/se-realizo-el-67-concurso-de-dibujo-y-pintura-en-la-expo-rural-2025\/\" target=\"_self\" class=\"premium-blog-excerpt-link elementor-button\">Leer m\u00e1s \u2192<\/a><\/div>\t\t<\/div>\n\t\t\t\t\t\t\t\n\t\t\t\t<\/div>\n\t\t\t<\/div>\n\t\t<\/div>\n\n\t\t\t\t\t\t\t<\/div>\n\n\t\t\t\t\t<div class=\"premium-blog-footer\">\n\t\t\t\t\t\t\t<nav class=\"premium-blog-pagination-container\" role=\"navigation\" aria-label=\"Paginaci\u00f3n\">\n\t\t\t\t<span aria-current=\"page\" class=\"page-numbers current\">1<\/span>\n<a class=\"page-numbers\" href=\"https:\/\/ruralrafaela.com.ar\/exporural2025\/wp-json\/wp\/v2\/pages\/23\/page\/2\/\">2<\/a>\n<a class=\"page-numbers\" href=\"https:\/\/ruralrafaela.com.ar\/exporural2025\/wp-json\/wp\/v2\/pages\/23\/page\/3\/\">3<\/a>\n<span class=\"page-numbers dots\">&hellip;<\/span>\n<a class=\"page-numbers\" href=\"https:\/\/ruralrafaela.com.ar\/exporural2025\/wp-json\/wp\/v2\/pages\/23\/page\/5\/\">5<\/a>\n<a class=\"next page-numbers\" href=\"https:\/\/ruralrafaela.com.ar\/exporural2025\/wp-json\/wp\/v2\/pages\/23\/page\/2\/\">Siguiente \u00bb<\/a>\t\t\t<\/nav>\n\t\t\t\t\t\t<\/div>\n\t\t\n\t\t\n\t\t\t\t\t\t<\/div>\n\t\t\t\t<\/div>\n\t\t\t\t\t<\/div>\n\t\t<\/div>\n\t\t\t\t\t<\/div>\n\t\t<\/section>\n\t\t\t\t<section class=\"elementor-section elementor-top-section elementor-element elementor-element-5019c6c elementor-section-full_width elementor-section-stretched elementor-section-height-default elementor-section-height-default\" data-id=\"5019c6c\" data-element_type=\"section\" data-e-type=\"section\" data-settings=\"{&quot;stretch_section&quot;:&quot;section-stretched&quot;}\">\n\t\t\t\t\t\t<div class=\"elementor-container elementor-column-gap-default\">\n\t\t\t\t\t<div class=\"elementor-column elementor-col-100 elementor-top-column elementor-element elementor-element-3678b2d\" data-id=\"3678b2d\" data-element_type=\"column\" data-e-type=\"column\">\n\t\t\t<div class=\"elementor-widget-wrap elementor-element-populated\">\n\t\t\t\t\t\t<div class=\"elementor-element elementor-element-1be4dcf elementor-widget elementor-widget-heading\" data-id=\"1be4dcf\" data-element_type=\"widget\" data-e-type=\"widget\" data-widget_type=\"heading.default\">\n\t\t\t\t<div class=\"elementor-widget-container\">\n\t\t\t\t\t<h2 class=\"elementor-heading-title elementor-size-default\">ACOMPA\u00d1AN EN ESTA EDICI\u00d3N<\/h2>\t\t\t\t<\/div>\n\t\t\t\t<\/div>\n\t\t\t\t\t<\/div>\n\t\t<\/div>\n\t\t\t\t\t<\/div>\n\t\t<\/section>\n\t\t\t\t<section class=\"elementor-section elementor-top-section elementor-element elementor-element-86b9133 elementor-section-full_width elementor-section-stretched elementor-section-height-default elementor-section-height-default\" data-id=\"86b9133\" data-element_type=\"section\" data-e-type=\"section\" data-settings=\"{&quot;stretch_section&quot;:&quot;section-stretched&quot;}\">\n\t\t\t\t\t\t<div class=\"elementor-container elementor-column-gap-default\">\n\t\t\t\t\t<div class=\"elementor-column elementor-col-100 elementor-top-column elementor-element elementor-element-cdb69de\" data-id=\"cdb69de\" data-element_type=\"column\" data-e-type=\"column\">\n\t\t\t<div class=\"elementor-widget-wrap elementor-element-populated\">\n\t\t\t\t\t\t<section class=\"elementor-section elementor-inner-section elementor-element elementor-element-dfecfc0 elementor-section-full_width elementor-section-height-default elementor-section-height-default\" data-id=\"dfecfc0\" data-element_type=\"section\" data-e-type=\"section\">\n\t\t\t\t\t\t<div class=\"elementor-container elementor-column-gap-default\">\n\t\t\t\t\t<div class=\"elementor-column elementor-col-100 elementor-inner-column elementor-element elementor-element-e8af96f\" data-id=\"e8af96f\" data-element_type=\"column\" data-e-type=\"column\">\n\t\t\t<div class=\"elementor-widget-wrap elementor-element-populated\">\n\t\t\t\t\t\t<div class=\"elementor-element elementor-element-dbac35d elementor-widget elementor-widget-image\" data-id=\"dbac35d\" data-element_type=\"widget\" data-e-type=\"widget\" data-widget_type=\"image.default\">\n\t\t\t\t<div class=\"elementor-widget-container\">\n\t\t\t\t\t\t\t\t\t\t\t\t\t\t\t<img loading=\"lazy\" decoding=\"async\" width=\"2560\" height=\"248\" src=\"https:\/\/ruralrafaela.com.ar\/exporural2025\/wp-content\/uploads\/sites\/24\/2025\/09\/SPONSORS2-scaled.jpg\" class=\"attachment-full size-full wp-image-7013\" alt=\"\" srcset=\"https:\/\/ruralrafaela.com.ar\/exporural2025\/wp-content\/uploads\/sites\/24\/2025\/09\/SPONSORS2-scaled.jpg 2560w, https:\/\/ruralrafaela.com.ar\/exporural2025\/wp-content\/uploads\/sites\/24\/2025\/09\/SPONSORS2-300x29.jpg 300w, https:\/\/ruralrafaela.com.ar\/exporural2025\/wp-content\/uploads\/sites\/24\/2025\/09\/SPONSORS2-1024x99.jpg 1024w, https:\/\/ruralrafaela.com.ar\/exporural2025\/wp-content\/uploads\/sites\/24\/2025\/09\/SPONSORS2-768x74.jpg 768w, https:\/\/ruralrafaela.com.ar\/exporural2025\/wp-content\/uploads\/sites\/24\/2025\/09\/SPONSORS2-1536x149.jpg 1536w, https:\/\/ruralrafaela.com.ar\/exporural2025\/wp-content\/uploads\/sites\/24\/2025\/09\/SPONSORS2-2048x198.jpg 2048w\" sizes=\"(max-width: 2560px) 100vw, 2560px\" \/>\t\t\t\t\t\t\t\t\t\t\t\t\t\t\t<\/div>\n\t\t\t\t<\/div>\n\t\t\t\t\t<\/div>\n\t\t<\/div>\n\t\t\t\t\t<\/div>\n\t\t<\/section>\n\t\t\t\t\t<\/div>\n\t\t<\/div>\n\t\t\t\t\t<\/div>\n\t\t<\/section>\n\t\t\t\t<section class=\"elementor-section elementor-top-section elementor-element elementor-element-e8dddba elementor-section-full_width elementor-section-stretched elementor-section-height-default elementor-section-height-default\" data-id=\"e8dddba\" data-element_type=\"section\" data-e-type=\"section\" data-settings=\"{&quot;stretch_section&quot;:&quot;section-stretched&quot;}\">\n\t\t\t\t\t\t<div class=\"elementor-container elementor-column-gap-default\">\n\t\t\t\t\t<div class=\"elementor-column elementor-col-100 elementor-top-column elementor-element elementor-element-8420d3f\" data-id=\"8420d3f\" data-element_type=\"column\" data-e-type=\"column\">\n\t\t\t<div class=\"elementor-widget-wrap elementor-element-populated\">\n\t\t\t\t\t\t<div class=\"elementor-element elementor-element-4abcea4 elementor-widget elementor-widget-heading\" data-id=\"4abcea4\" data-element_type=\"widget\" data-e-type=\"widget\" data-widget_type=\"heading.default\">\n\t\t\t\t<div class=\"elementor-widget-container\">\n\t\t\t\t\t<h2 class=\"elementor-heading-title elementor-size-default\"><a href=\"https:\/\/ruralrafaela.com.ar\/exporural2025\/programa\/\">VER PROGRAMA DE ACTIVIDADES<\/a><\/h2>\t\t\t\t<\/div>\n\t\t\t\t<\/div>\n\t\t\t\t\t<\/div>\n\t\t<\/div>\n\t\t\t\t\t<\/div>\n\t\t<\/section>\n\t\t\t\t<section class=\"elementor-section elementor-top-section elementor-element elementor-element-0c4cad0 elementor-section-full_width elementor-section-stretched elementor-section-height-default elementor-section-height-default\" data-id=\"0c4cad0\" data-element_type=\"section\" data-e-type=\"section\" data-settings=\"{&quot;stretch_section&quot;:&quot;section-stretched&quot;}\">\n\t\t\t\t\t\t<div class=\"elementor-container elementor-column-gap-default\">\n\t\t\t\t\t<div class=\"elementor-column elementor-col-100 elementor-top-column elementor-element elementor-element-b13a749\" data-id=\"b13a749\" data-element_type=\"column\" data-e-type=\"column\">\n\t\t\t<div class=\"elementor-widget-wrap elementor-element-populated\">\n\t\t\t\t\t\t<div class=\"elementor-element elementor-element-a73bd03 elementor-widget elementor-widget-heading\" data-id=\"a73bd03\" data-element_type=\"widget\" data-e-type=\"widget\" data-widget_type=\"heading.default\">\n\t\t\t\t<div class=\"elementor-widget-container\">\n\t\t\t\t\t<h2 class=\"elementor-heading-title elementor-size-default\"><a href=\"https:\/\/app.wqrldpass.com\/evento\/TWlqWUoxaEU1RVo0bS9WTFg4amttdz09\" target=\"_blank\">VENTA ANTICIPADA DE ENTRADAS<\/a><\/h2>\t\t\t\t<\/div>\n\t\t\t\t<\/div>\n\t\t\t\t\t<\/div>\n\t\t<\/div>\n\t\t\t\t\t<\/div>\n\t\t<\/section>\n\t\t\t\t<section class=\"elementor-section elementor-top-section elementor-element elementor-element-d4cf134 elementor-section-full_width elementor-section-stretched elementor-section-height-default elementor-section-height-default\" data-id=\"d4cf134\" data-element_type=\"section\" data-e-type=\"section\" data-settings=\"{&quot;stretch_section&quot;:&quot;section-stretched&quot;}\">\n\t\t\t\t\t\t<div class=\"elementor-container elementor-column-gap-default\">\n\t\t\t\t\t<div class=\"elementor-column elementor-col-100 elementor-top-column elementor-element elementor-element-f03fd61\" data-id=\"f03fd61\" data-element_type=\"column\" data-e-type=\"column\">\n\t\t\t<div class=\"elementor-widget-wrap elementor-element-populated\">\n\t\t\t\t\t\t<div class=\"elementor-element elementor-element-ed29a91 elementor-widget elementor-widget-heading\" data-id=\"ed29a91\" data-element_type=\"widget\" data-e-type=\"widget\" data-widget_type=\"heading.default\">\n\t\t\t\t<div class=\"elementor-widget-container\">\n\t\t\t\t\t<h2 class=\"elementor-heading-title elementor-size-default\">CHARLAS Y CAPACITACIONES<\/h2>\t\t\t\t<\/div>\n\t\t\t\t<\/div>\n\t\t\t\t<div class=\"elementor-element elementor-element-31c267d elementor-widget elementor-widget-heading\" data-id=\"31c267d\" data-element_type=\"widget\" data-e-type=\"widget\" data-widget_type=\"heading.default\">\n\t\t\t\t<div class=\"elementor-widget-container\">\n\t\t\t\t\t<h2 class=\"elementor-heading-title elementor-size-default\">Charla central: Viernes 19, 19 hs \u2013 Leo Ponzio: liderazgo, trabajo y tradici\u00f3n productiva.\n<\/h2>\t\t\t\t<\/div>\n\t\t\t\t<\/div>\n\t\t\t\t<section class=\"elementor-section elementor-inner-section elementor-element elementor-element-6ca4118 elementor-section-full_width elementor-section-height-default elementor-section-height-default\" data-id=\"6ca4118\" data-element_type=\"section\" data-e-type=\"section\">\n\t\t\t\t\t\t<div class=\"elementor-container elementor-column-gap-default\">\n\t\t\t\t\t<div class=\"elementor-column elementor-col-33 elementor-inner-column elementor-element elementor-element-f62545c\" data-id=\"f62545c\" data-element_type=\"column\" data-e-type=\"column\">\n\t\t\t<div class=\"elementor-widget-wrap elementor-element-populated\">\n\t\t\t\t\t\t<div class=\"elementor-element elementor-element-3f275a1 elementor-widget elementor-widget-image\" data-id=\"3f275a1\" data-element_type=\"widget\" data-e-type=\"widget\" data-widget_type=\"image.default\">\n\t\t\t\t<div class=\"elementor-widget-container\">\n\t\t\t\t\t\t\t\t\t\t\t\t\t\t\t<img loading=\"lazy\" decoding=\"async\" width=\"819\" height=\"1024\" src=\"https:\/\/ruralrafaela.com.ar\/exporural2025\/wp-content\/uploads\/sites\/24\/2025\/09\/ponzio-819x1024.jpeg\" class=\"attachment-large size-large wp-image-7069\" alt=\"\" srcset=\"https:\/\/ruralrafaela.com.ar\/exporural2025\/wp-content\/uploads\/sites\/24\/2025\/09\/ponzio-819x1024.jpeg 819w, https:\/\/ruralrafaela.com.ar\/exporural2025\/wp-content\/uploads\/sites\/24\/2025\/09\/ponzio-240x300.jpeg 240w, https:\/\/ruralrafaela.com.ar\/exporural2025\/wp-content\/uploads\/sites\/24\/2025\/09\/ponzio-768x960.jpeg 768w, https:\/\/ruralrafaela.com.ar\/exporural2025\/wp-content\/uploads\/sites\/24\/2025\/09\/ponzio.jpeg 1024w\" sizes=\"(max-width: 819px) 100vw, 819px\" \/>\t\t\t\t\t\t\t\t\t\t\t\t\t\t\t<\/div>\n\t\t\t\t<\/div>\n\t\t\t\t\t<\/div>\n\t\t<\/div>\n\t\t\t\t<div class=\"elementor-column elementor-col-33 elementor-inner-column elementor-element elementor-element-01c7c42\" data-id=\"01c7c42\" data-element_type=\"column\" data-e-type=\"column\">\n\t\t\t<div class=\"elementor-widget-wrap elementor-element-populated\">\n\t\t\t\t\t\t<div class=\"elementor-element elementor-element-ac22c6c elementor-widget elementor-widget-image\" data-id=\"ac22c6c\" data-element_type=\"widget\" data-e-type=\"widget\" data-widget_type=\"image.default\">\n\t\t\t\t<div class=\"elementor-widget-container\">\n\t\t\t\t\t\t\t\t\t\t\t\t\t\t\t<img loading=\"lazy\" decoding=\"async\" width=\"819\" height=\"1024\" src=\"https:\/\/ruralrafaela.com.ar\/exporural2025\/wp-content\/uploads\/sites\/24\/2025\/09\/actividades-819x1024.jpg\" class=\"attachment-large size-large wp-image-7122\" alt=\"\" srcset=\"https:\/\/ruralrafaela.com.ar\/exporural2025\/wp-content\/uploads\/sites\/24\/2025\/09\/actividades-819x1024.jpg 819w, https:\/\/ruralrafaela.com.ar\/exporural2025\/wp-content\/uploads\/sites\/24\/2025\/09\/actividades-240x300.jpg 240w, https:\/\/ruralrafaela.com.ar\/exporural2025\/wp-content\/uploads\/sites\/24\/2025\/09\/actividades-768x960.jpg 768w, https:\/\/ruralrafaela.com.ar\/exporural2025\/wp-content\/uploads\/sites\/24\/2025\/09\/actividades.jpg 1080w\" sizes=\"(max-width: 819px) 100vw, 819px\" \/>\t\t\t\t\t\t\t\t\t\t\t\t\t\t\t<\/div>\n\t\t\t\t<\/div>\n\t\t\t\t\t<\/div>\n\t\t<\/div>\n\t\t\t\t<div class=\"elementor-column elementor-col-33 elementor-inner-column elementor-element elementor-element-d621efc\" data-id=\"d621efc\" data-element_type=\"column\" data-e-type=\"column\">\n\t\t\t<div class=\"elementor-widget-wrap elementor-element-populated\">\n\t\t\t\t\t\t<div class=\"elementor-element elementor-element-3ddaf26 elementor-widget elementor-widget-image\" data-id=\"3ddaf26\" data-element_type=\"widget\" data-e-type=\"widget\" data-widget_type=\"image.default\">\n\t\t\t\t<div class=\"elementor-widget-container\">\n\t\t\t\t\t\t\t\t\t\t\t\t\t\t\t<img loading=\"lazy\" decoding=\"async\" width=\"819\" height=\"1024\" src=\"https:\/\/ruralrafaela.com.ar\/exporural2025\/wp-content\/uploads\/sites\/24\/2025\/09\/inta-819x1024.jpg\" class=\"attachment-large size-large wp-image-7123\" alt=\"\" srcset=\"https:\/\/ruralrafaela.com.ar\/exporural2025\/wp-content\/uploads\/sites\/24\/2025\/09\/inta-819x1024.jpg 819w, https:\/\/ruralrafaela.com.ar\/exporural2025\/wp-content\/uploads\/sites\/24\/2025\/09\/inta-240x300.jpg 240w, https:\/\/ruralrafaela.com.ar\/exporural2025\/wp-content\/uploads\/sites\/24\/2025\/09\/inta-768x960.jpg 768w, https:\/\/ruralrafaela.com.ar\/exporural2025\/wp-content\/uploads\/sites\/24\/2025\/09\/inta.jpg 1080w\" sizes=\"(max-width: 819px) 100vw, 819px\" \/>\t\t\t\t\t\t\t\t\t\t\t\t\t\t\t<\/div>\n\t\t\t\t<\/div>\n\t\t\t\t\t<\/div>\n\t\t<\/div>\n\t\t\t\t\t<\/div>\n\t\t<\/section>\n\t\t\t\t<section class=\"elementor-section elementor-inner-section elementor-element elementor-element-18746f3 elementor-section-full_width elementor-section-height-default elementor-section-height-default\" data-id=\"18746f3\" data-element_type=\"section\" data-e-type=\"section\">\n\t\t\t\t\t\t<div class=\"elementor-container elementor-column-gap-default\">\n\t\t\t\t\t<div class=\"elementor-column elementor-col-33 elementor-inner-column elementor-element elementor-element-a953657\" data-id=\"a953657\" data-element_type=\"column\" data-e-type=\"column\">\n\t\t\t<div class=\"elementor-widget-wrap elementor-element-populated\">\n\t\t\t\t\t\t\t<\/div>\n\t\t<\/div>\n\t\t\t\t<div class=\"elementor-column elementor-col-33 elementor-inner-column elementor-element elementor-element-90c6990\" data-id=\"90c6990\" data-element_type=\"column\" data-e-type=\"column\">\n\t\t\t<div class=\"elementor-widget-wrap elementor-element-populated\">\n\t\t\t\t\t\t\t<\/div>\n\t\t<\/div>\n\t\t\t\t<div class=\"elementor-column elementor-col-33 elementor-inner-column elementor-element elementor-element-7fa92b1\" data-id=\"7fa92b1\" data-element_type=\"column\" data-e-type=\"column\">\n\t\t\t<div class=\"elementor-widget-wrap elementor-element-populated\">\n\t\t\t\t\t\t\t<\/div>\n\t\t<\/div>\n\t\t\t\t\t<\/div>\n\t\t<\/section>\n\t\t\t\t<section class=\"elementor-section elementor-inner-section elementor-element elementor-element-646620c elementor-section-full_width elementor-section-height-default elementor-section-height-default\" data-id=\"646620c\" data-element_type=\"section\" data-e-type=\"section\">\n\t\t\t\t\t\t<div class=\"elementor-container elementor-column-gap-default\">\n\t\t\t\t\t<div class=\"elementor-column elementor-col-33 elementor-inner-column elementor-element elementor-element-992cb03\" data-id=\"992cb03\" data-element_type=\"column\" data-e-type=\"column\">\n\t\t\t<div class=\"elementor-widget-wrap elementor-element-populated\">\n\t\t\t\t\t\t\t<\/div>\n\t\t<\/div>\n\t\t\t\t<div class=\"elementor-column elementor-col-33 elementor-inner-column elementor-element elementor-element-5f07d2d\" data-id=\"5f07d2d\" data-element_type=\"column\" data-e-type=\"column\">\n\t\t\t<div class=\"elementor-widget-wrap elementor-element-populated\">\n\t\t\t\t\t\t\t<\/div>\n\t\t<\/div>\n\t\t\t\t<div class=\"elementor-column elementor-col-33 elementor-inner-column elementor-element elementor-element-0c71358\" data-id=\"0c71358\" data-element_type=\"column\" data-e-type=\"column\">\n\t\t\t<div class=\"elementor-widget-wrap elementor-element-populated\">\n\t\t\t\t\t\t\t<\/div>\n\t\t<\/div>\n\t\t\t\t\t<\/div>\n\t\t<\/section>\n\t\t\t\t\t<\/div>\n\t\t<\/div>\n\t\t\t\t\t<\/div>\n\t\t<\/section>\n\t\t\t\t<section class=\"elementor-section elementor-top-section elementor-element elementor-element-e7328ed elementor-section-full_width elementor-section-stretched elementor-section-height-default elementor-section-height-default\" data-id=\"e7328ed\" data-element_type=\"section\" data-e-type=\"section\" data-settings=\"{&quot;stretch_section&quot;:&quot;section-stretched&quot;}\">\n\t\t\t\t\t\t<div class=\"elementor-container elementor-column-gap-default\">\n\t\t\t\t\t<div class=\"elementor-column elementor-col-100 elementor-top-column elementor-element elementor-element-bb48ad3\" data-id=\"bb48ad3\" data-element_type=\"column\" data-e-type=\"column\">\n\t\t\t<div class=\"elementor-widget-wrap elementor-element-populated\">\n\t\t\t\t\t\t<div class=\"elementor-element elementor-element-abd957e elementor-widget elementor-widget-heading\" data-id=\"abd957e\" data-element_type=\"widget\" data-e-type=\"widget\" data-widget_type=\"heading.default\">\n\t\t\t\t<div class=\"elementor-widget-container\">\n\t\t\t\t\t<h2 class=\"elementor-heading-title elementor-size-default\">SHOWS EN VIVO!!!<\/h2>\t\t\t\t<\/div>\n\t\t\t\t<\/div>\n\t\t\t\t<section class=\"elementor-section elementor-inner-section elementor-element elementor-element-c638420 elementor-section-full_width elementor-section-height-default elementor-section-height-default\" data-id=\"c638420\" data-element_type=\"section\" data-e-type=\"section\">\n\t\t\t\t\t\t<div class=\"elementor-container elementor-column-gap-default\">\n\t\t\t\t\t<div class=\"elementor-column elementor-col-100 elementor-inner-column elementor-element elementor-element-18d1d2d\" data-id=\"18d1d2d\" data-element_type=\"column\" data-e-type=\"column\">\n\t\t\t<div class=\"elementor-widget-wrap elementor-element-populated\">\n\t\t\t\t\t\t<div class=\"elementor-element elementor-element-94b3fb1 elementor-widget elementor-widget-heading\" data-id=\"94b3fb1\" data-element_type=\"widget\" data-e-type=\"widget\" data-widget_type=\"heading.default\">\n\t\t\t\t<div class=\"elementor-widget-container\">\n\t\t\t\t\t<h2 class=\"elementor-heading-title elementor-size-default\">Uriel Lozano - S\u00e1bado 20, 19:00 hs en Pista Central\n<\/h2>\t\t\t\t<\/div>\n\t\t\t\t<\/div>\n\t\t\t\t<div class=\"elementor-element elementor-element-8f4ef83 elementor-widget elementor-widget-heading\" data-id=\"8f4ef83\" data-element_type=\"widget\" data-e-type=\"widget\" data-widget_type=\"heading.default\">\n\t\t\t\t<div class=\"elementor-widget-container\">\n\t\t\t\t\t<h2 class=\"elementor-heading-title elementor-size-default\">Tropillas entabladas - Domingo 21, luego del Acto Inaugural, en Pista Central\n\n<\/h2>\t\t\t\t<\/div>\n\t\t\t\t<\/div>\n\t\t\t\t\t<\/div>\n\t\t<\/div>\n\t\t\t\t\t<\/div>\n\t\t<\/section>\n\t\t\t\t<section class=\"elementor-section elementor-inner-section elementor-element elementor-element-c8ac3fe elementor-section-full_width elementor-section-height-default elementor-section-height-default\" data-id=\"c8ac3fe\" data-element_type=\"section\" data-e-type=\"section\">\n\t\t\t\t\t\t<div class=\"elementor-container elementor-column-gap-default\">\n\t\t\t\t\t<div class=\"elementor-column elementor-col-33 elementor-inner-column elementor-element elementor-element-139e979\" data-id=\"139e979\" data-element_type=\"column\" data-e-type=\"column\">\n\t\t\t<div class=\"elementor-widget-wrap elementor-element-populated\">\n\t\t\t\t\t\t\t<\/div>\n\t\t<\/div>\n\t\t\t\t<div class=\"elementor-column elementor-col-33 elementor-inner-column elementor-element elementor-element-414f8bb\" data-id=\"414f8bb\" data-element_type=\"column\" data-e-type=\"column\">\n\t\t\t<div class=\"elementor-widget-wrap elementor-element-populated\">\n\t\t\t\t\t\t<div class=\"elementor-element elementor-element-dff77c2 elementor-widget elementor-widget-image\" data-id=\"dff77c2\" data-element_type=\"widget\" data-e-type=\"widget\" data-widget_type=\"image.default\">\n\t\t\t\t<div class=\"elementor-widget-container\">\n\t\t\t\t\t\t\t\t\t\t\t\t\t\t\t<img loading=\"lazy\" decoding=\"async\" width=\"819\" height=\"1024\" src=\"https:\/\/ruralrafaela.com.ar\/exporural2025\/wp-content\/uploads\/sites\/24\/2025\/09\/lozano-819x1024.jpg\" class=\"attachment-large size-large wp-image-7015\" alt=\"\" srcset=\"https:\/\/ruralrafaela.com.ar\/exporural2025\/wp-content\/uploads\/sites\/24\/2025\/09\/lozano-819x1024.jpg 819w, https:\/\/ruralrafaela.com.ar\/exporural2025\/wp-content\/uploads\/sites\/24\/2025\/09\/lozano-240x300.jpg 240w, https:\/\/ruralrafaela.com.ar\/exporural2025\/wp-content\/uploads\/sites\/24\/2025\/09\/lozano-768x960.jpg 768w, https:\/\/ruralrafaela.com.ar\/exporural2025\/wp-content\/uploads\/sites\/24\/2025\/09\/lozano.jpg 1024w\" sizes=\"(max-width: 819px) 100vw, 819px\" \/>\t\t\t\t\t\t\t\t\t\t\t\t\t\t\t<\/div>\n\t\t\t\t<\/div>\n\t\t\t\t\t<\/div>\n\t\t<\/div>\n\t\t\t\t<div class=\"elementor-column elementor-col-33 elementor-inner-column elementor-element elementor-element-387ca94\" data-id=\"387ca94\" data-element_type=\"column\" data-e-type=\"column\">\n\t\t\t<div class=\"elementor-widget-wrap elementor-element-populated\">\n\t\t\t\t\t\t\t<\/div>\n\t\t<\/div>\n\t\t\t\t\t<\/div>\n\t\t<\/section>\n\t\t\t\t<section class=\"elementor-section elementor-inner-section elementor-element elementor-element-828fcb1 elementor-section-full_width elementor-section-height-default elementor-section-height-default\" data-id=\"828fcb1\" data-element_type=\"section\" data-e-type=\"section\">\n\t\t\t\t\t\t<div class=\"elementor-container elementor-column-gap-default\">\n\t\t\t\t\t<div class=\"elementor-column elementor-col-33 elementor-inner-column elementor-element elementor-element-7a95682\" data-id=\"7a95682\" data-element_type=\"column\" data-e-type=\"column\">\n\t\t\t<div class=\"elementor-widget-wrap elementor-element-populated\">\n\t\t\t\t\t\t<div class=\"elementor-element elementor-element-783cd10 elementor-widget elementor-widget-image\" data-id=\"783cd10\" data-element_type=\"widget\" data-e-type=\"widget\" data-widget_type=\"image.default\">\n\t\t\t\t<div class=\"elementor-widget-container\">\n\t\t\t\t\t\t\t\t\t\t\t\t\t\t\t<img loading=\"lazy\" decoding=\"async\" width=\"819\" height=\"1024\" src=\"https:\/\/ruralrafaela.com.ar\/exporural2025\/wp-content\/uploads\/sites\/24\/2025\/09\/feed-01-819x1024.png\" class=\"attachment-large size-large wp-image-7107\" alt=\"\" srcset=\"https:\/\/ruralrafaela.com.ar\/exporural2025\/wp-content\/uploads\/sites\/24\/2025\/09\/feed-01-819x1024.png 819w, https:\/\/ruralrafaela.com.ar\/exporural2025\/wp-content\/uploads\/sites\/24\/2025\/09\/feed-01-240x300.png 240w, https:\/\/ruralrafaela.com.ar\/exporural2025\/wp-content\/uploads\/sites\/24\/2025\/09\/feed-01-768x960.png 768w, https:\/\/ruralrafaela.com.ar\/exporural2025\/wp-content\/uploads\/sites\/24\/2025\/09\/feed-01-1229x1536.png 1229w, https:\/\/ruralrafaela.com.ar\/exporural2025\/wp-content\/uploads\/sites\/24\/2025\/09\/feed-01-1639x2048.png 1639w\" sizes=\"(max-width: 819px) 100vw, 819px\" \/>\t\t\t\t\t\t\t\t\t\t\t\t\t\t\t<\/div>\n\t\t\t\t<\/div>\n\t\t\t\t\t<\/div>\n\t\t<\/div>\n\t\t\t\t<div class=\"elementor-column elementor-col-33 elementor-inner-column elementor-element elementor-element-bc3cf57\" data-id=\"bc3cf57\" data-element_type=\"column\" data-e-type=\"column\">\n\t\t\t<div class=\"elementor-widget-wrap elementor-element-populated\">\n\t\t\t\t\t\t<div class=\"elementor-element elementor-element-6e0e0f5 elementor-widget elementor-widget-image\" data-id=\"6e0e0f5\" data-element_type=\"widget\" data-e-type=\"widget\" data-widget_type=\"image.default\">\n\t\t\t\t<div class=\"elementor-widget-container\">\n\t\t\t\t\t\t\t\t\t\t\t\t\t\t\t<img loading=\"lazy\" decoding=\"async\" width=\"819\" height=\"1024\" src=\"https:\/\/ruralrafaela.com.ar\/exporural2025\/wp-content\/uploads\/sites\/24\/2025\/09\/feed-05-819x1024.png\" class=\"attachment-large size-large wp-image-7108\" alt=\"\" srcset=\"https:\/\/ruralrafaela.com.ar\/exporural2025\/wp-content\/uploads\/sites\/24\/2025\/09\/feed-05-819x1024.png 819w, https:\/\/ruralrafaela.com.ar\/exporural2025\/wp-content\/uploads\/sites\/24\/2025\/09\/feed-05-240x300.png 240w, https:\/\/ruralrafaela.com.ar\/exporural2025\/wp-content\/uploads\/sites\/24\/2025\/09\/feed-05-768x960.png 768w, https:\/\/ruralrafaela.com.ar\/exporural2025\/wp-content\/uploads\/sites\/24\/2025\/09\/feed-05-1229x1536.png 1229w, https:\/\/ruralrafaela.com.ar\/exporural2025\/wp-content\/uploads\/sites\/24\/2025\/09\/feed-05-1639x2048.png 1639w\" sizes=\"(max-width: 819px) 100vw, 819px\" \/>\t\t\t\t\t\t\t\t\t\t\t\t\t\t\t<\/div>\n\t\t\t\t<\/div>\n\t\t\t\t\t<\/div>\n\t\t<\/div>\n\t\t\t\t<div class=\"elementor-column elementor-col-33 elementor-inner-column elementor-element elementor-element-c15c1c2\" data-id=\"c15c1c2\" data-element_type=\"column\" data-e-type=\"column\">\n\t\t\t<div class=\"elementor-widget-wrap elementor-element-populated\">\n\t\t\t\t\t\t<div class=\"elementor-element elementor-element-450181a elementor-widget elementor-widget-image\" data-id=\"450181a\" data-element_type=\"widget\" data-e-type=\"widget\" data-widget_type=\"image.default\">\n\t\t\t\t<div class=\"elementor-widget-container\">\n\t\t\t\t\t\t\t\t\t\t\t\t\t\t\t<img loading=\"lazy\" decoding=\"async\" width=\"819\" height=\"1024\" src=\"https:\/\/ruralrafaela.com.ar\/exporural2025\/wp-content\/uploads\/sites\/24\/2025\/09\/tropillas-819x1024.jpg\" class=\"attachment-large size-large wp-image-7106\" alt=\"\" srcset=\"https:\/\/ruralrafaela.com.ar\/exporural2025\/wp-content\/uploads\/sites\/24\/2025\/09\/tropillas-819x1024.jpg 819w, https:\/\/ruralrafaela.com.ar\/exporural2025\/wp-content\/uploads\/sites\/24\/2025\/09\/tropillas-240x300.jpg 240w, https:\/\/ruralrafaela.com.ar\/exporural2025\/wp-content\/uploads\/sites\/24\/2025\/09\/tropillas-768x960.jpg 768w, https:\/\/ruralrafaela.com.ar\/exporural2025\/wp-content\/uploads\/sites\/24\/2025\/09\/tropillas.jpg 1080w\" sizes=\"(max-width: 819px) 100vw, 819px\" \/>\t\t\t\t\t\t\t\t\t\t\t\t\t\t\t<\/div>\n\t\t\t\t<\/div>\n\t\t\t\t\t<\/div>\n\t\t<\/div>\n\t\t\t\t\t<\/div>\n\t\t<\/section>\n\t\t\t\t<section class=\"elementor-section elementor-inner-section elementor-element elementor-element-7753da2 elementor-section-full_width elementor-section-height-default elementor-section-height-default\" data-id=\"7753da2\" data-element_type=\"section\" data-e-type=\"section\">\n\t\t\t\t\t\t<div class=\"elementor-container elementor-column-gap-default\">\n\t\t\t\t\t<div class=\"elementor-column elementor-col-33 elementor-inner-column elementor-element elementor-element-f01b29b\" data-id=\"f01b29b\" data-element_type=\"column\" data-e-type=\"column\">\n\t\t\t<div class=\"elementor-widget-wrap elementor-element-populated\">\n\t\t\t\t\t\t\t<\/div>\n\t\t<\/div>\n\t\t\t\t<div class=\"elementor-column elementor-col-33 elementor-inner-column elementor-element elementor-element-ac69280\" data-id=\"ac69280\" data-element_type=\"column\" data-e-type=\"column\">\n\t\t\t<div class=\"elementor-widget-wrap elementor-element-populated\">\n\t\t\t\t\t\t\t<\/div>\n\t\t<\/div>\n\t\t\t\t<div class=\"elementor-column elementor-col-33 elementor-inner-column elementor-element elementor-element-6c86be3\" data-id=\"6c86be3\" data-element_type=\"column\" data-e-type=\"column\">\n\t\t\t<div class=\"elementor-widget-wrap elementor-element-populated\">\n\t\t\t\t\t\t\t<\/div>\n\t\t<\/div>\n\t\t\t\t\t<\/div>\n\t\t<\/section>\n\t\t\t\t\t<\/div>\n\t\t<\/div>\n\t\t\t\t\t<\/div>\n\t\t<\/section>\n\t\t\t\t<section class=\"elementor-section elementor-top-section elementor-element elementor-element-dcae2a0 elementor-section-full_width elementor-section-stretched elementor-section-height-default elementor-section-height-default\" data-id=\"dcae2a0\" data-element_type=\"section\" data-e-type=\"section\" data-settings=\"{&quot;stretch_section&quot;:&quot;section-stretched&quot;}\">\n\t\t\t\t\t\t<div class=\"elementor-container elementor-column-gap-default\">\n\t\t\t\t\t<div class=\"elementor-column elementor-col-100 elementor-top-column elementor-element elementor-element-63bcd4f\" data-id=\"63bcd4f\" data-element_type=\"column\" data-e-type=\"column\">\n\t\t\t<div class=\"elementor-widget-wrap elementor-element-populated\">\n\t\t\t\t\t\t<div class=\"elementor-element elementor-element-e5325eb elementor-widget elementor-widget-heading\" data-id=\"e5325eb\" data-element_type=\"widget\" data-e-type=\"widget\" data-widget_type=\"heading.default\">\n\t\t\t\t<div class=\"elementor-widget-container\">\n\t\t\t\t\t<h2 class=\"elementor-heading-title elementor-size-default\">SECTORES Y ATRACTIVOS<\/h2>\t\t\t\t<\/div>\n\t\t\t\t<\/div>\n\t\t\t\t<section class=\"elementor-section elementor-inner-section elementor-element elementor-element-bfd0d27 elementor-section-full_width elementor-section-height-default elementor-section-height-default\" data-id=\"bfd0d27\" data-element_type=\"section\" data-e-type=\"section\">\n\t\t\t\t\t\t<div class=\"elementor-container elementor-column-gap-default\">\n\t\t\t\t\t<div class=\"elementor-column elementor-col-100 elementor-inner-column elementor-element elementor-element-f0bbb95\" data-id=\"f0bbb95\" data-element_type=\"column\" data-e-type=\"column\">\n\t\t\t<div class=\"elementor-widget-wrap elementor-element-populated\">\n\t\t\t\t\t\t<div class=\"elementor-element elementor-element-bb2793e elementor-widget elementor-widget-heading\" data-id=\"bb2793e\" data-element_type=\"widget\" data-e-type=\"widget\" data-widget_type=\"heading.default\">\n\t\t\t\t<div class=\"elementor-widget-container\">\n\t\t\t\t\t<h2 class=\"elementor-heading-title elementor-size-default\">GANADER\u00cdA Y PEQUE\u00d1OS ANIMALES<\/h2>\t\t\t\t<\/div>\n\t\t\t\t<\/div>\n\t\t\t\t<div class=\"elementor-element elementor-element-61df291 elementor-widget elementor-widget-heading\" data-id=\"61df291\" data-element_type=\"widget\" data-e-type=\"widget\" data-widget_type=\"heading.default\">\n\t\t\t\t<div class=\"elementor-widget-container\">\n\t\t\t\t\t<h2 class=\"elementor-heading-title elementor-size-default\">El mejor Holando, siempre en nuestra Expo. Jura en Pista, con jurado internacional, Concurso de Vacas Lecheras, Competencia de Vacas a Campo, remates. \nTambi\u00e9n exposici\u00f3n, jura y remate de bovinos raza carne, ovinos, caprinos, equinos, cerdos y animales de granja. \nComo gran novedad, \u00a1este a\u00f1o vuelven las AVES a la Expo Rural!\n<\/h2>\t\t\t\t<\/div>\n\t\t\t\t<\/div>\n\t\t\t\t<div class=\"elementor-element elementor-element-86b4a07 elementor-widget-divider--view-line_icon elementor-view-default elementor-widget-divider--element-align-center elementor-widget elementor-widget-divider\" data-id=\"86b4a07\" data-element_type=\"widget\" data-e-type=\"widget\" data-widget_type=\"divider.default\">\n\t\t\t\t<div class=\"elementor-widget-container\">\n\t\t\t\t\t\t\t<div class=\"elementor-divider\">\n\t\t\t<span class=\"elementor-divider-separator\">\n\t\t\t\t\t\t\t<div class=\"elementor-icon elementor-divider__element\">\n\t\t\t\t\t<i aria-hidden=\"true\" class=\"fas fa-sun\"><\/i><\/div>\n\t\t\t\t\t\t<\/span>\n\t\t<\/div>\n\t\t\t\t\t\t<\/div>\n\t\t\t\t<\/div>\n\t\t\t\t\t<\/div>\n\t\t<\/div>\n\t\t\t\t\t<\/div>\n\t\t<\/section>\n\t\t\t\t<section class=\"elementor-section elementor-inner-section elementor-element elementor-element-732c1c2 elementor-section-full_width elementor-section-height-default elementor-section-height-default\" data-id=\"732c1c2\" data-element_type=\"section\" data-e-type=\"section\">\n\t\t\t\t\t\t<div class=\"elementor-container elementor-column-gap-default\">\n\t\t\t\t\t<div class=\"elementor-column elementor-col-100 elementor-inner-column elementor-element elementor-element-fc0e5c1\" data-id=\"fc0e5c1\" data-element_type=\"column\" data-e-type=\"column\">\n\t\t\t<div class=\"elementor-widget-wrap elementor-element-populated\">\n\t\t\t\t\t\t<div class=\"elementor-element elementor-element-0112911 elementor-widget elementor-widget-heading\" data-id=\"0112911\" data-element_type=\"widget\" data-e-type=\"widget\" data-widget_type=\"heading.default\">\n\t\t\t\t<div class=\"elementor-widget-container\">\n\t\t\t\t\t<h2 class=\"elementor-heading-title elementor-size-default\">AGRICULTURA Y MAQUINARIA<\/h2>\t\t\t\t<\/div>\n\t\t\t\t<\/div>\n\t\t\t\t<div class=\"elementor-element elementor-element-cd92806 elementor-widget elementor-widget-heading\" data-id=\"cd92806\" data-element_type=\"widget\" data-e-type=\"widget\" data-widget_type=\"heading.default\">\n\t\t\t\t<div class=\"elementor-widget-container\">\n\t\t\t\t\t<h2 class=\"elementor-heading-title elementor-size-default\"> Innovaci\u00f3n en cultivos, maquinaria agr\u00edcola, herramientas de \u00faltima generaci\u00f3n. <\/h2>\t\t\t\t<\/div>\n\t\t\t\t<\/div>\n\t\t\t\t<div class=\"elementor-element elementor-element-9842a2c elementor-widget-divider--view-line_icon elementor-view-default elementor-widget-divider--element-align-center elementor-widget elementor-widget-divider\" data-id=\"9842a2c\" data-element_type=\"widget\" data-e-type=\"widget\" data-widget_type=\"divider.default\">\n\t\t\t\t<div class=\"elementor-widget-container\">\n\t\t\t\t\t\t\t<div class=\"elementor-divider\">\n\t\t\t<span class=\"elementor-divider-separator\">\n\t\t\t\t\t\t\t<div class=\"elementor-icon elementor-divider__element\">\n\t\t\t\t\t<i aria-hidden=\"true\" class=\"fas fa-sun\"><\/i><\/div>\n\t\t\t\t\t\t<\/span>\n\t\t<\/div>\n\t\t\t\t\t\t<\/div>\n\t\t\t\t<\/div>\n\t\t\t\t\t<\/div>\n\t\t<\/div>\n\t\t\t\t\t<\/div>\n\t\t<\/section>\n\t\t\t\t<section class=\"elementor-section elementor-inner-section elementor-element elementor-element-05c2cff elementor-section-full_width elementor-section-height-default elementor-section-height-default\" data-id=\"05c2cff\" data-element_type=\"section\" data-e-type=\"section\">\n\t\t\t\t\t\t<div class=\"elementor-container elementor-column-gap-default\">\n\t\t\t\t\t<div class=\"elementor-column elementor-col-100 elementor-inner-column elementor-element elementor-element-816da03\" data-id=\"816da03\" data-element_type=\"column\" data-e-type=\"column\">\n\t\t\t<div class=\"elementor-widget-wrap elementor-element-populated\">\n\t\t\t\t\t\t<div class=\"elementor-element elementor-element-89bd921 elementor-widget elementor-widget-heading\" data-id=\"89bd921\" data-element_type=\"widget\" data-e-type=\"widget\" data-widget_type=\"heading.default\">\n\t\t\t\t<div class=\"elementor-widget-container\">\n\t\t\t\t\t<h2 class=\"elementor-heading-title elementor-size-default\">INDUSTRIA, COMERCIO Y SERVICIOS<\/h2>\t\t\t\t<\/div>\n\t\t\t\t<\/div>\n\t\t\t\t<div class=\"elementor-element elementor-element-a4bbb95 elementor-widget elementor-widget-heading\" data-id=\"a4bbb95\" data-element_type=\"widget\" data-e-type=\"widget\" data-widget_type=\"heading.default\">\n\t\t\t\t<div class=\"elementor-widget-container\">\n\t\t\t\t\t<h2 class=\"elementor-heading-title elementor-size-default\">M\u00e1s de 200 expositores de rubros como metalurgia, construcci\u00f3n, tecnolog\u00eda, automotores, servicios financieros, seguros y m\u00e1s.\n<\/h2>\t\t\t\t<\/div>\n\t\t\t\t<\/div>\n\t\t\t\t<div class=\"elementor-element elementor-element-1fe1406 elementor-widget-divider--view-line_icon elementor-view-default elementor-widget-divider--element-align-center elementor-widget elementor-widget-divider\" data-id=\"1fe1406\" data-element_type=\"widget\" data-e-type=\"widget\" data-widget_type=\"divider.default\">\n\t\t\t\t<div class=\"elementor-widget-container\">\n\t\t\t\t\t\t\t<div class=\"elementor-divider\">\n\t\t\t<span class=\"elementor-divider-separator\">\n\t\t\t\t\t\t\t<div class=\"elementor-icon elementor-divider__element\">\n\t\t\t\t\t<i aria-hidden=\"true\" class=\"fas fa-sun\"><\/i><\/div>\n\t\t\t\t\t\t<\/span>\n\t\t<\/div>\n\t\t\t\t\t\t<\/div>\n\t\t\t\t<\/div>\n\t\t\t\t\t<\/div>\n\t\t<\/div>\n\t\t\t\t\t<\/div>\n\t\t<\/section>\n\t\t\t\t<section class=\"elementor-section elementor-inner-section elementor-element elementor-element-407b2fd elementor-section-full_width elementor-section-height-default elementor-section-height-default\" data-id=\"407b2fd\" data-element_type=\"section\" data-e-type=\"section\">\n\t\t\t\t\t\t<div class=\"elementor-container elementor-column-gap-default\">\n\t\t\t\t\t<div class=\"elementor-column elementor-col-100 elementor-inner-column elementor-element elementor-element-8a2e6c5\" data-id=\"8a2e6c5\" data-element_type=\"column\" data-e-type=\"column\">\n\t\t\t<div class=\"elementor-widget-wrap elementor-element-populated\">\n\t\t\t\t\t\t<div class=\"elementor-element elementor-element-11a95db elementor-widget elementor-widget-heading\" data-id=\"11a95db\" data-element_type=\"widget\" data-e-type=\"widget\" data-widget_type=\"heading.default\">\n\t\t\t\t<div class=\"elementor-widget-container\">\n\t\t\t\t\t<h2 class=\"elementor-heading-title elementor-size-default\">ESPACIOS PARA LA FAMILIA<\/h2>\t\t\t\t<\/div>\n\t\t\t\t<\/div>\n\t\t\t\t<div class=\"elementor-element elementor-element-c0e2eeb elementor-widget elementor-widget-heading\" data-id=\"c0e2eeb\" data-element_type=\"widget\" data-e-type=\"widget\" data-widget_type=\"heading.default\">\n\t\t\t\t<div class=\"elementor-widget-container\">\n\t\t\t\t\t<h2 class=\"elementor-heading-title elementor-size-default\">Paseo gastron\u00f3mico con m\u00e1s de 20 propuestas, shows en vivo, juegos infantiles, paseo de artesanos y espect\u00e1culos tradicionales.<\/h2>\t\t\t\t<\/div>\n\t\t\t\t<\/div>\n\t\t\t\t<div class=\"elementor-element elementor-element-bd650ad elementor-widget-divider--view-line_icon elementor-view-default elementor-widget-divider--element-align-center elementor-widget elementor-widget-divider\" data-id=\"bd650ad\" data-element_type=\"widget\" data-e-type=\"widget\" data-widget_type=\"divider.default\">\n\t\t\t\t<div class=\"elementor-widget-container\">\n\t\t\t\t\t\t\t<div class=\"elementor-divider\">\n\t\t\t<span class=\"elementor-divider-separator\">\n\t\t\t\t\t\t\t<div class=\"elementor-icon elementor-divider__element\">\n\t\t\t\t\t<i aria-hidden=\"true\" class=\"fas fa-sun\"><\/i><\/div>\n\t\t\t\t\t\t<\/span>\n\t\t<\/div>\n\t\t\t\t\t\t<\/div>\n\t\t\t\t<\/div>\n\t\t\t\t\t<\/div>\n\t\t<\/div>\n\t\t\t\t\t<\/div>\n\t\t<\/section>\n\t\t\t\t<section class=\"elementor-section elementor-inner-section elementor-element elementor-element-8d6d3f2 elementor-section-full_width elementor-section-height-default elementor-section-height-default\" data-id=\"8d6d3f2\" data-element_type=\"section\" data-e-type=\"section\">\n\t\t\t\t\t\t<div class=\"elementor-container elementor-column-gap-default\">\n\t\t\t\t\t<div class=\"elementor-column elementor-col-100 elementor-inner-column elementor-element elementor-element-aef8dd8\" data-id=\"aef8dd8\" data-element_type=\"column\" data-e-type=\"column\">\n\t\t\t<div class=\"elementor-widget-wrap elementor-element-populated\">\n\t\t\t\t\t\t<div class=\"elementor-element elementor-element-bc8b91a elementor-widget elementor-widget-heading\" data-id=\"bc8b91a\" data-element_type=\"widget\" data-e-type=\"widget\" data-widget_type=\"heading.default\">\n\t\t\t\t<div class=\"elementor-widget-container\">\n\t\t\t\t\t<h2 class=\"elementor-heading-title elementor-size-default\">AGENDA EDUCATIVA<\/h2>\t\t\t\t<\/div>\n\t\t\t\t<\/div>\n\t\t\t\t<div class=\"elementor-element elementor-element-bd2df37 elementor-widget elementor-widget-heading\" data-id=\"bd2df37\" data-element_type=\"widget\" data-e-type=\"widget\" data-widget_type=\"heading.default\">\n\t\t\t\t<div class=\"elementor-widget-container\">\n\t\t\t\t\t<h2 class=\"elementor-heading-title elementor-size-default\">67\u00ba Concurso de Dibujo y Pintura<\/h2>\t\t\t\t<\/div>\n\t\t\t\t<\/div>\n\t\t\t\t<div class=\"elementor-element elementor-element-870e0c8 elementor-widget elementor-widget-heading\" data-id=\"870e0c8\" data-element_type=\"widget\" data-e-type=\"widget\" data-widget_type=\"heading.default\">\n\t\t\t\t<div class=\"elementor-widget-container\">\n\t\t\t\t\t<h2 class=\"elementor-heading-title elementor-size-default\">Participan 58 establecimientos, entre jardines de infantes, escuelas primarias y especiales.<\/h2>\t\t\t\t<\/div>\n\t\t\t\t<\/div>\n\t\t\t\t<div class=\"elementor-element elementor-element-3b5733a elementor-widget-divider--separator-type-pattern elementor-widget-divider--no-spacing elementor-widget-divider--view-line elementor-widget elementor-widget-divider\" data-id=\"3b5733a\" data-element_type=\"widget\" data-e-type=\"widget\" data-widget_type=\"divider.default\">\n\t\t\t\t<div class=\"elementor-widget-container\">\n\t\t\t\t\t\t\t<div class=\"elementor-divider\" style=\"--divider-pattern-url: url(&quot;data:image\/svg+xml,%3Csvg xmlns=&#039;http:\/\/www.w3.org\/2000\/svg&#039; preserveAspectRatio=&#039;xMidYMid meet&#039; overflow=&#039;visible&#039; height=&#039;100%&#039; viewBox=&#039;0 0 126 26&#039; fill=&#039;black&#039; stroke=&#039;none&#039;%3E%3Cpath d=&#039;M3,10.2c2.6,0,2.6,2,2.6,3.2S4.4,16.5,3,16.5s-3-1.4-3-3.2S0.4,10.2,3,10.2z M18.8,10.2c1.7,0,3.2,1.4,3.2,3.2s-1.4,3.2-3.2,3.2c-1.7,0-3.2-1.4-3.2-3.2S17,10.2,18.8,10.2z M34.6,10.2c1.5,0,2.6,1.4,2.6,3.2s-0.5,3.2-1.9,3.2c-1.5,0-3.4-1.4-3.4-3.2S33.1,10.2,34.6,10.2z M50.5,10.2c1.7,0,3.2,1.4,3.2,3.2s-1.4,3.2-3.2,3.2c-1.7,0-3.3-0.9-3.3-2.6S48.7,10.2,50.5,10.2z M66.2,10.2c1.5,0,3.4,1.4,3.4,3.2s-1.9,3.2-3.4,3.2c-1.5,0-2.6-0.4-2.6-2.1S64.8,10.2,66.2,10.2z M82.2,10.2c1.7,0.8,2.6,1.4,2.6,3.2s-0.1,3.2-1.6,3.2c-1.5,0-3.7-1.4-3.7-3.2S80.5,9.4,82.2,10.2zM98.6,10.2c1.5,0,2.6,0.4,2.6,2.1s-1.2,4.2-2.6,4.2c-1.5,0-3.7-0.4-3.7-2.1S97.1,10.2,98.6,10.2z M113.4,10.2c1.2,0,2.2,0.9,2.2,3.2s-0.1,3.2-1.3,3.2s-3.1-1.4-3.1-3.2S112.2,10.2,113.4,10.2z&#039;\/%3E%3C\/svg%3E&quot;);\">\n\t\t\t<span class=\"elementor-divider-separator\">\n\t\t\t\t\t\t<\/span>\n\t\t<\/div>\n\t\t\t\t\t\t<\/div>\n\t\t\t\t<\/div>\n\t\t\t\t<div class=\"elementor-element elementor-element-c89973a elementor-widget elementor-widget-heading\" data-id=\"c89973a\" data-element_type=\"widget\" data-e-type=\"widget\" data-widget_type=\"heading.default\">\n\t\t\t\t<div class=\"elementor-widget-container\">\n\t\t\t\t\t<h2 class=\"elementor-heading-title elementor-size-default\">24\u00aa Olimp\u00edadas Agrot\u00e9cnicas<\/h2>\t\t\t\t<\/div>\n\t\t\t\t<\/div>\n\t\t\t\t<div class=\"elementor-element elementor-element-06ca317 elementor-widget elementor-widget-heading\" data-id=\"06ca317\" data-element_type=\"widget\" data-e-type=\"widget\" data-widget_type=\"heading.default\">\n\t\t\t\t<div class=\"elementor-widget-container\">\n\t\t\t\t\t<h2 class=\"elementor-heading-title elementor-size-default\">Una experiencia educativa \u00fanica para aprender, compartir y proyectar el futuro de los j\u00f3venes en el agro. Actividad organizada por INTA, la Sociedad Rural de Rafaela e IDESA\n<\/h2>\t\t\t\t<\/div>\n\t\t\t\t<\/div>\n\t\t\t\t<div class=\"elementor-element elementor-element-30a8af3 elementor-widget-divider--separator-type-pattern elementor-widget-divider--no-spacing elementor-widget-divider--view-line elementor-widget elementor-widget-divider\" data-id=\"30a8af3\" data-element_type=\"widget\" data-e-type=\"widget\" data-widget_type=\"divider.default\">\n\t\t\t\t<div class=\"elementor-widget-container\">\n\t\t\t\t\t\t\t<div class=\"elementor-divider\" style=\"--divider-pattern-url: url(&quot;data:image\/svg+xml,%3Csvg xmlns=&#039;http:\/\/www.w3.org\/2000\/svg&#039; preserveAspectRatio=&#039;xMidYMid meet&#039; overflow=&#039;visible&#039; height=&#039;100%&#039; viewBox=&#039;0 0 126 26&#039; fill=&#039;black&#039; stroke=&#039;none&#039;%3E%3Cpath d=&#039;M3,10.2c2.6,0,2.6,2,2.6,3.2S4.4,16.5,3,16.5s-3-1.4-3-3.2S0.4,10.2,3,10.2z M18.8,10.2c1.7,0,3.2,1.4,3.2,3.2s-1.4,3.2-3.2,3.2c-1.7,0-3.2-1.4-3.2-3.2S17,10.2,18.8,10.2z M34.6,10.2c1.5,0,2.6,1.4,2.6,3.2s-0.5,3.2-1.9,3.2c-1.5,0-3.4-1.4-3.4-3.2S33.1,10.2,34.6,10.2z M50.5,10.2c1.7,0,3.2,1.4,3.2,3.2s-1.4,3.2-3.2,3.2c-1.7,0-3.3-0.9-3.3-2.6S48.7,10.2,50.5,10.2z M66.2,10.2c1.5,0,3.4,1.4,3.4,3.2s-1.9,3.2-3.4,3.2c-1.5,0-2.6-0.4-2.6-2.1S64.8,10.2,66.2,10.2z M82.2,10.2c1.7,0.8,2.6,1.4,2.6,3.2s-0.1,3.2-1.6,3.2c-1.5,0-3.7-1.4-3.7-3.2S80.5,9.4,82.2,10.2zM98.6,10.2c1.5,0,2.6,0.4,2.6,2.1s-1.2,4.2-2.6,4.2c-1.5,0-3.7-0.4-3.7-2.1S97.1,10.2,98.6,10.2z M113.4,10.2c1.2,0,2.2,0.9,2.2,3.2s-0.1,3.2-1.3,3.2s-3.1-1.4-3.1-3.2S112.2,10.2,113.4,10.2z&#039;\/%3E%3C\/svg%3E&quot;);\">\n\t\t\t<span class=\"elementor-divider-separator\">\n\t\t\t\t\t\t<\/span>\n\t\t<\/div>\n\t\t\t\t\t\t<\/div>\n\t\t\t\t<\/div>\n\t\t\t\t<div class=\"elementor-element elementor-element-941efcc elementor-widget elementor-widget-heading\" data-id=\"941efcc\" data-element_type=\"widget\" data-e-type=\"widget\" data-widget_type=\"heading.default\">\n\t\t\t\t<div class=\"elementor-widget-container\">\n\t\t\t\t\t<h2 class=\"elementor-heading-title elementor-size-default\">4\u00ba Concurso de Fotograf\u00edas<\/h2>\t\t\t\t<\/div>\n\t\t\t\t<\/div>\n\t\t\t\t<div class=\"elementor-element elementor-element-05abbd8 elementor-widget elementor-widget-heading\" data-id=\"05abbd8\" data-element_type=\"widget\" data-e-type=\"widget\" data-widget_type=\"heading.default\">\n\t\t\t\t<div class=\"elementor-widget-container\">\n\t\t\t\t\t<h2 class=\"elementor-heading-title elementor-size-default\">Actividad a cargo del Ateneo de la Sociedad Rural de Rafaela.<\/h2>\t\t\t\t<\/div>\n\t\t\t\t<\/div>\n\t\t\t\t<div class=\"elementor-element elementor-element-559332d elementor-widget-divider--view-line_icon elementor-view-default elementor-widget-divider--element-align-center elementor-widget elementor-widget-divider\" data-id=\"559332d\" data-element_type=\"widget\" data-e-type=\"widget\" data-widget_type=\"divider.default\">\n\t\t\t\t<div class=\"elementor-widget-container\">\n\t\t\t\t\t\t\t<div class=\"elementor-divider\">\n\t\t\t<span class=\"elementor-divider-separator\">\n\t\t\t\t\t\t\t<div class=\"elementor-icon elementor-divider__element\">\n\t\t\t\t\t<i aria-hidden=\"true\" class=\"fas fa-sun\"><\/i><\/div>\n\t\t\t\t\t\t<\/span>\n\t\t<\/div>\n\t\t\t\t\t\t<\/div>\n\t\t\t\t<\/div>\n\t\t\t\t\t<\/div>\n\t\t<\/div>\n\t\t\t\t\t<\/div>\n\t\t<\/section>\n\t\t\t\t<section class=\"elementor-section elementor-inner-section elementor-element elementor-element-1ff18fb elementor-section-full_width elementor-section-height-default elementor-section-height-default\" data-id=\"1ff18fb\" data-element_type=\"section\" data-e-type=\"section\">\n\t\t\t\t\t\t<div class=\"elementor-container elementor-column-gap-default\">\n\t\t\t\t\t<div class=\"elementor-column elementor-col-100 elementor-inner-column elementor-element elementor-element-6f9e438\" data-id=\"6f9e438\" data-element_type=\"column\" data-e-type=\"column\">\n\t\t\t<div class=\"elementor-widget-wrap elementor-element-populated\">\n\t\t\t\t\t\t<div class=\"elementor-element elementor-element-2c6114b elementor-widget elementor-widget-heading\" data-id=\"2c6114b\" data-element_type=\"widget\" data-e-type=\"widget\" data-widget_type=\"heading.default\">\n\t\t\t\t<div class=\"elementor-widget-container\">\n\t\t\t\t\t<h2 class=\"elementor-heading-title elementor-size-default\">ACTIVIDADES CON UNL<\/h2>\t\t\t\t<\/div>\n\t\t\t\t<\/div>\n\t\t\t\t<div class=\"elementor-element elementor-element-4181840 elementor-widget elementor-widget-heading\" data-id=\"4181840\" data-element_type=\"widget\" data-e-type=\"widget\" data-widget_type=\"heading.default\">\n\t\t\t\t<div class=\"elementor-widget-container\">\n\t\t\t\t\t<h2 class=\"elementor-heading-title elementor-size-default\">Espacio de Granja<\/h2>\t\t\t\t<\/div>\n\t\t\t\t<\/div>\n\t\t\t\t<div class=\"elementor-element elementor-element-ab49138 elementor-widget elementor-widget-heading\" data-id=\"ab49138\" data-element_type=\"widget\" data-e-type=\"widget\" data-widget_type=\"heading.default\">\n\t\t\t\t<div class=\"elementor-widget-container\">\n\t\t\t\t\t<h2 class=\"elementor-heading-title elementor-size-default\">Junto con la Facultad de Ciencias Veterinarias de la Universidad Nacional del Litoral, grandes y chicos pueden conocer ejemplares de diferentes animales y aprender detalles de su crianza y desarrollo. \n<\/h2>\t\t\t\t<\/div>\n\t\t\t\t<\/div>\n\t\t\t\t<div class=\"elementor-element elementor-element-d868b66 elementor-widget-divider--separator-type-pattern elementor-widget-divider--no-spacing elementor-widget-divider--view-line elementor-widget elementor-widget-divider\" data-id=\"d868b66\" data-element_type=\"widget\" data-e-type=\"widget\" data-widget_type=\"divider.default\">\n\t\t\t\t<div class=\"elementor-widget-container\">\n\t\t\t\t\t\t\t<div class=\"elementor-divider\" style=\"--divider-pattern-url: url(&quot;data:image\/svg+xml,%3Csvg xmlns=&#039;http:\/\/www.w3.org\/2000\/svg&#039; preserveAspectRatio=&#039;xMidYMid meet&#039; overflow=&#039;visible&#039; height=&#039;100%&#039; viewBox=&#039;0 0 126 26&#039; fill=&#039;black&#039; stroke=&#039;none&#039;%3E%3Cpath d=&#039;M3,10.2c2.6,0,2.6,2,2.6,3.2S4.4,16.5,3,16.5s-3-1.4-3-3.2S0.4,10.2,3,10.2z M18.8,10.2c1.7,0,3.2,1.4,3.2,3.2s-1.4,3.2-3.2,3.2c-1.7,0-3.2-1.4-3.2-3.2S17,10.2,18.8,10.2z M34.6,10.2c1.5,0,2.6,1.4,2.6,3.2s-0.5,3.2-1.9,3.2c-1.5,0-3.4-1.4-3.4-3.2S33.1,10.2,34.6,10.2z M50.5,10.2c1.7,0,3.2,1.4,3.2,3.2s-1.4,3.2-3.2,3.2c-1.7,0-3.3-0.9-3.3-2.6S48.7,10.2,50.5,10.2z M66.2,10.2c1.5,0,3.4,1.4,3.4,3.2s-1.9,3.2-3.4,3.2c-1.5,0-2.6-0.4-2.6-2.1S64.8,10.2,66.2,10.2z M82.2,10.2c1.7,0.8,2.6,1.4,2.6,3.2s-0.1,3.2-1.6,3.2c-1.5,0-3.7-1.4-3.7-3.2S80.5,9.4,82.2,10.2zM98.6,10.2c1.5,0,2.6,0.4,2.6,2.1s-1.2,4.2-2.6,4.2c-1.5,0-3.7-0.4-3.7-2.1S97.1,10.2,98.6,10.2z M113.4,10.2c1.2,0,2.2,0.9,2.2,3.2s-0.1,3.2-1.3,3.2s-3.1-1.4-3.1-3.2S112.2,10.2,113.4,10.2z&#039;\/%3E%3C\/svg%3E&quot;);\">\n\t\t\t<span class=\"elementor-divider-separator\">\n\t\t\t\t\t\t<\/span>\n\t\t<\/div>\n\t\t\t\t\t\t<\/div>\n\t\t\t\t<\/div>\n\t\t\t\t<div class=\"elementor-element elementor-element-5309f84 elementor-widget elementor-widget-heading\" data-id=\"5309f84\" data-element_type=\"widget\" data-e-type=\"widget\" data-widget_type=\"heading.default\">\n\t\t\t\t<div class=\"elementor-widget-container\">\n\t\t\t\t\t<h2 class=\"elementor-heading-title elementor-size-default\">Grupo Zoolidarios<\/h2>\t\t\t\t<\/div>\n\t\t\t\t<\/div>\n\t\t\t\t<div class=\"elementor-element elementor-element-b359247 elementor-widget elementor-widget-heading\" data-id=\"b359247\" data-element_type=\"widget\" data-e-type=\"widget\" data-widget_type=\"heading.default\">\n\t\t\t\t<div class=\"elementor-widget-container\">\n\t\t\t\t\t<h2 class=\"elementor-heading-title elementor-size-default\">Equipo interdisciplinario y participativo, nos visitar\u00e1 nuevamente en la pista central para realizar actividades asistidas con animales, destinadas a personas con discapacidad motriz, intelectual o personas en situaci\u00f3n de vulnerabilidad emocional, afectiva o social.\n<\/h2>\t\t\t\t<\/div>\n\t\t\t\t<\/div>\n\t\t\t\t<div class=\"elementor-element elementor-element-d6c70e6 elementor-widget-divider--separator-type-pattern elementor-widget-divider--no-spacing elementor-widget-divider--view-line elementor-widget elementor-widget-divider\" data-id=\"d6c70e6\" data-element_type=\"widget\" data-e-type=\"widget\" data-widget_type=\"divider.default\">\n\t\t\t\t<div class=\"elementor-widget-container\">\n\t\t\t\t\t\t\t<div class=\"elementor-divider\" style=\"--divider-pattern-url: url(&quot;data:image\/svg+xml,%3Csvg xmlns=&#039;http:\/\/www.w3.org\/2000\/svg&#039; preserveAspectRatio=&#039;xMidYMid meet&#039; overflow=&#039;visible&#039; height=&#039;100%&#039; viewBox=&#039;0 0 126 26&#039; fill=&#039;black&#039; stroke=&#039;none&#039;%3E%3Cpath d=&#039;M3,10.2c2.6,0,2.6,2,2.6,3.2S4.4,16.5,3,16.5s-3-1.4-3-3.2S0.4,10.2,3,10.2z M18.8,10.2c1.7,0,3.2,1.4,3.2,3.2s-1.4,3.2-3.2,3.2c-1.7,0-3.2-1.4-3.2-3.2S17,10.2,18.8,10.2z M34.6,10.2c1.5,0,2.6,1.4,2.6,3.2s-0.5,3.2-1.9,3.2c-1.5,0-3.4-1.4-3.4-3.2S33.1,10.2,34.6,10.2z M50.5,10.2c1.7,0,3.2,1.4,3.2,3.2s-1.4,3.2-3.2,3.2c-1.7,0-3.3-0.9-3.3-2.6S48.7,10.2,50.5,10.2z M66.2,10.2c1.5,0,3.4,1.4,3.4,3.2s-1.9,3.2-3.4,3.2c-1.5,0-2.6-0.4-2.6-2.1S64.8,10.2,66.2,10.2z M82.2,10.2c1.7,0.8,2.6,1.4,2.6,3.2s-0.1,3.2-1.6,3.2c-1.5,0-3.7-1.4-3.7-3.2S80.5,9.4,82.2,10.2zM98.6,10.2c1.5,0,2.6,0.4,2.6,2.1s-1.2,4.2-2.6,4.2c-1.5,0-3.7-0.4-3.7-2.1S97.1,10.2,98.6,10.2z M113.4,10.2c1.2,0,2.2,0.9,2.2,3.2s-0.1,3.2-1.3,3.2s-3.1-1.4-3.1-3.2S112.2,10.2,113.4,10.2z&#039;\/%3E%3C\/svg%3E&quot;);\">\n\t\t\t<span class=\"elementor-divider-separator\">\n\t\t\t\t\t\t<\/span>\n\t\t<\/div>\n\t\t\t\t\t\t<\/div>\n\t\t\t\t<\/div>\n\t\t\t\t<div class=\"elementor-element elementor-element-d8bccd7 elementor-widget elementor-widget-heading\" data-id=\"d8bccd7\" data-element_type=\"widget\" data-e-type=\"widget\" data-widget_type=\"heading.default\">\n\t\t\t\t<div class=\"elementor-widget-container\">\n\t\t\t\t\t<h2 class=\"elementor-heading-title elementor-size-default\">Muestra itinerante del museo de anatom\u00eda veterinaria.<\/h2>\t\t\t\t<\/div>\n\t\t\t\t<\/div>\n\t\t\t\t<div class=\"elementor-element elementor-element-ab8bcca elementor-widget-divider--separator-type-pattern elementor-widget-divider--no-spacing elementor-widget-divider--view-line elementor-widget elementor-widget-divider\" data-id=\"ab8bcca\" data-element_type=\"widget\" data-e-type=\"widget\" data-widget_type=\"divider.default\">\n\t\t\t\t<div class=\"elementor-widget-container\">\n\t\t\t\t\t\t\t<div class=\"elementor-divider\" style=\"--divider-pattern-url: url(&quot;data:image\/svg+xml,%3Csvg xmlns=&#039;http:\/\/www.w3.org\/2000\/svg&#039; preserveAspectRatio=&#039;xMidYMid meet&#039; overflow=&#039;visible&#039; height=&#039;100%&#039; viewBox=&#039;0 0 126 26&#039; fill=&#039;black&#039; stroke=&#039;none&#039;%3E%3Cpath d=&#039;M3,10.2c2.6,0,2.6,2,2.6,3.2S4.4,16.5,3,16.5s-3-1.4-3-3.2S0.4,10.2,3,10.2z M18.8,10.2c1.7,0,3.2,1.4,3.2,3.2s-1.4,3.2-3.2,3.2c-1.7,0-3.2-1.4-3.2-3.2S17,10.2,18.8,10.2z M34.6,10.2c1.5,0,2.6,1.4,2.6,3.2s-0.5,3.2-1.9,3.2c-1.5,0-3.4-1.4-3.4-3.2S33.1,10.2,34.6,10.2z M50.5,10.2c1.7,0,3.2,1.4,3.2,3.2s-1.4,3.2-3.2,3.2c-1.7,0-3.3-0.9-3.3-2.6S48.7,10.2,50.5,10.2z M66.2,10.2c1.5,0,3.4,1.4,3.4,3.2s-1.9,3.2-3.4,3.2c-1.5,0-2.6-0.4-2.6-2.1S64.8,10.2,66.2,10.2z M82.2,10.2c1.7,0.8,2.6,1.4,2.6,3.2s-0.1,3.2-1.6,3.2c-1.5,0-3.7-1.4-3.7-3.2S80.5,9.4,82.2,10.2zM98.6,10.2c1.5,0,2.6,0.4,2.6,2.1s-1.2,4.2-2.6,4.2c-1.5,0-3.7-0.4-3.7-2.1S97.1,10.2,98.6,10.2z M113.4,10.2c1.2,0,2.2,0.9,2.2,3.2s-0.1,3.2-1.3,3.2s-3.1-1.4-3.1-3.2S112.2,10.2,113.4,10.2z&#039;\/%3E%3C\/svg%3E&quot;);\">\n\t\t\t<span class=\"elementor-divider-separator\">\n\t\t\t\t\t\t<\/span>\n\t\t<\/div>\n\t\t\t\t\t\t<\/div>\n\t\t\t\t<\/div>\n\t\t\t\t<div class=\"elementor-element elementor-element-a1626d5 elementor-widget elementor-widget-heading\" data-id=\"a1626d5\" data-element_type=\"widget\" data-e-type=\"widget\" data-widget_type=\"heading.default\">\n\t\t\t\t<div class=\"elementor-widget-container\">\n\t\t\t\t\t<h2 class=\"elementor-heading-title elementor-size-default\">Tambo Caprino<\/h2>\t\t\t\t<\/div>\n\t\t\t\t<\/div>\n\t\t\t\t<div class=\"elementor-element elementor-element-1fcb19f elementor-widget elementor-widget-heading\" data-id=\"1fcb19f\" data-element_type=\"widget\" data-e-type=\"widget\" data-widget_type=\"heading.default\">\n\t\t\t\t<div class=\"elementor-widget-container\">\n\t\t\t\t\t<h2 class=\"elementor-heading-title elementor-size-default\">Producci\u00f3n alternativa para la provincia de Santa Fe. \n<\/h2>\t\t\t\t<\/div>\n\t\t\t\t<\/div>\n\t\t\t\t<div class=\"elementor-element elementor-element-8f93ad9 elementor-widget-divider--separator-type-pattern elementor-widget-divider--no-spacing elementor-widget-divider--view-line elementor-widget elementor-widget-divider\" data-id=\"8f93ad9\" data-element_type=\"widget\" data-e-type=\"widget\" data-widget_type=\"divider.default\">\n\t\t\t\t<div class=\"elementor-widget-container\">\n\t\t\t\t\t\t\t<div class=\"elementor-divider\" style=\"--divider-pattern-url: url(&quot;data:image\/svg+xml,%3Csvg xmlns=&#039;http:\/\/www.w3.org\/2000\/svg&#039; preserveAspectRatio=&#039;xMidYMid meet&#039; overflow=&#039;visible&#039; height=&#039;100%&#039; viewBox=&#039;0 0 126 26&#039; fill=&#039;black&#039; stroke=&#039;none&#039;%3E%3Cpath d=&#039;M3,10.2c2.6,0,2.6,2,2.6,3.2S4.4,16.5,3,16.5s-3-1.4-3-3.2S0.4,10.2,3,10.2z M18.8,10.2c1.7,0,3.2,1.4,3.2,3.2s-1.4,3.2-3.2,3.2c-1.7,0-3.2-1.4-3.2-3.2S17,10.2,18.8,10.2z M34.6,10.2c1.5,0,2.6,1.4,2.6,3.2s-0.5,3.2-1.9,3.2c-1.5,0-3.4-1.4-3.4-3.2S33.1,10.2,34.6,10.2z M50.5,10.2c1.7,0,3.2,1.4,3.2,3.2s-1.4,3.2-3.2,3.2c-1.7,0-3.3-0.9-3.3-2.6S48.7,10.2,50.5,10.2z M66.2,10.2c1.5,0,3.4,1.4,3.4,3.2s-1.9,3.2-3.4,3.2c-1.5,0-2.6-0.4-2.6-2.1S64.8,10.2,66.2,10.2z M82.2,10.2c1.7,0.8,2.6,1.4,2.6,3.2s-0.1,3.2-1.6,3.2c-1.5,0-3.7-1.4-3.7-3.2S80.5,9.4,82.2,10.2zM98.6,10.2c1.5,0,2.6,0.4,2.6,2.1s-1.2,4.2-2.6,4.2c-1.5,0-3.7-0.4-3.7-2.1S97.1,10.2,98.6,10.2z M113.4,10.2c1.2,0,2.2,0.9,2.2,3.2s-0.1,3.2-1.3,3.2s-3.1-1.4-3.1-3.2S112.2,10.2,113.4,10.2z&#039;\/%3E%3C\/svg%3E&quot;);\">\n\t\t\t<span class=\"elementor-divider-separator\">\n\t\t\t\t\t\t<\/span>\n\t\t<\/div>\n\t\t\t\t\t\t<\/div>\n\t\t\t\t<\/div>\n\t\t\t\t<div class=\"elementor-element elementor-element-10f0009 elementor-widget elementor-widget-heading\" data-id=\"10f0009\" data-element_type=\"widget\" data-e-type=\"widget\" data-widget_type=\"heading.default\">\n\t\t\t\t<div class=\"elementor-widget-container\">\n\t\t\t\t\t<h2 class=\"elementor-heading-title elementor-size-default\">Peque\u00f1os Veterinarios<\/h2>\t\t\t\t<\/div>\n\t\t\t\t<\/div>\n\t\t\t\t<div class=\"elementor-element elementor-element-2cce566 elementor-widget elementor-widget-heading\" data-id=\"2cce566\" data-element_type=\"widget\" data-e-type=\"widget\" data-widget_type=\"heading.default\">\n\t\t\t\t<div class=\"elementor-widget-container\">\n\t\t\t\t\t<h2 class=\"elementor-heading-title elementor-size-default\">Actividades l\u00fadicas para ni\u00f1os y adolescentes. A cargo Hospital Escuela de la FCV UNL <\/h2>\t\t\t\t<\/div>\n\t\t\t\t<\/div>\n\t\t\t\t<div class=\"elementor-element elementor-element-68949a8 elementor-widget-divider--separator-type-pattern elementor-widget-divider--no-spacing elementor-widget-divider--view-line elementor-widget elementor-widget-divider\" data-id=\"68949a8\" data-element_type=\"widget\" data-e-type=\"widget\" data-widget_type=\"divider.default\">\n\t\t\t\t<div class=\"elementor-widget-container\">\n\t\t\t\t\t\t\t<div class=\"elementor-divider\" style=\"--divider-pattern-url: url(&quot;data:image\/svg+xml,%3Csvg xmlns=&#039;http:\/\/www.w3.org\/2000\/svg&#039; preserveAspectRatio=&#039;xMidYMid meet&#039; overflow=&#039;visible&#039; height=&#039;100%&#039; viewBox=&#039;0 0 126 26&#039; fill=&#039;black&#039; stroke=&#039;none&#039;%3E%3Cpath d=&#039;M3,10.2c2.6,0,2.6,2,2.6,3.2S4.4,16.5,3,16.5s-3-1.4-3-3.2S0.4,10.2,3,10.2z M18.8,10.2c1.7,0,3.2,1.4,3.2,3.2s-1.4,3.2-3.2,3.2c-1.7,0-3.2-1.4-3.2-3.2S17,10.2,18.8,10.2z M34.6,10.2c1.5,0,2.6,1.4,2.6,3.2s-0.5,3.2-1.9,3.2c-1.5,0-3.4-1.4-3.4-3.2S33.1,10.2,34.6,10.2z M50.5,10.2c1.7,0,3.2,1.4,3.2,3.2s-1.4,3.2-3.2,3.2c-1.7,0-3.3-0.9-3.3-2.6S48.7,10.2,50.5,10.2z M66.2,10.2c1.5,0,3.4,1.4,3.4,3.2s-1.9,3.2-3.4,3.2c-1.5,0-2.6-0.4-2.6-2.1S64.8,10.2,66.2,10.2z M82.2,10.2c1.7,0.8,2.6,1.4,2.6,3.2s-0.1,3.2-1.6,3.2c-1.5,0-3.7-1.4-3.7-3.2S80.5,9.4,82.2,10.2zM98.6,10.2c1.5,0,2.6,0.4,2.6,2.1s-1.2,4.2-2.6,4.2c-1.5,0-3.7-0.4-3.7-2.1S97.1,10.2,98.6,10.2z M113.4,10.2c1.2,0,2.2,0.9,2.2,3.2s-0.1,3.2-1.3,3.2s-3.1-1.4-3.1-3.2S112.2,10.2,113.4,10.2z&#039;\/%3E%3C\/svg%3E&quot;);\">\n\t\t\t<span class=\"elementor-divider-separator\">\n\t\t\t\t\t\t<\/span>\n\t\t<\/div>\n\t\t\t\t\t\t<\/div>\n\t\t\t\t<\/div>\n\t\t\t\t<div class=\"elementor-element elementor-element-f48a549 elementor-widget elementor-widget-heading\" data-id=\"f48a549\" data-element_type=\"widget\" data-e-type=\"widget\" data-widget_type=\"heading.default\">\n\t\t\t\t<div class=\"elementor-widget-container\">\n\t\t\t\t\t<h2 class=\"elementor-heading-title elementor-size-default\">Concurso para estudiantes de \u201cJurado Junior\u201d<\/h2>\t\t\t\t<\/div>\n\t\t\t\t<\/div>\n\t\t\t\t<div class=\"elementor-element elementor-element-efc28ed elementor-widget elementor-widget-heading\" data-id=\"efc28ed\" data-element_type=\"widget\" data-e-type=\"widget\" data-widget_type=\"heading.default\">\n\t\t\t\t<div class=\"elementor-widget-container\">\n\t\t\t\t\t<h2 class=\"elementor-heading-title elementor-size-default\">en animales menores (ovinos y caprinos). A cargo de Grupo Caprinos y Ovinos. <\/h2>\t\t\t\t<\/div>\n\t\t\t\t<\/div>\n\t\t\t\t<div class=\"elementor-element elementor-element-dbab570 elementor-widget-divider--separator-type-pattern elementor-widget-divider--no-spacing elementor-widget-divider--view-line elementor-widget elementor-widget-divider\" data-id=\"dbab570\" data-element_type=\"widget\" data-e-type=\"widget\" data-widget_type=\"divider.default\">\n\t\t\t\t<div class=\"elementor-widget-container\">\n\t\t\t\t\t\t\t<div class=\"elementor-divider\" style=\"--divider-pattern-url: url(&quot;data:image\/svg+xml,%3Csvg xmlns=&#039;http:\/\/www.w3.org\/2000\/svg&#039; preserveAspectRatio=&#039;xMidYMid meet&#039; overflow=&#039;visible&#039; height=&#039;100%&#039; viewBox=&#039;0 0 126 26&#039; fill=&#039;black&#039; stroke=&#039;none&#039;%3E%3Cpath d=&#039;M3,10.2c2.6,0,2.6,2,2.6,3.2S4.4,16.5,3,16.5s-3-1.4-3-3.2S0.4,10.2,3,10.2z M18.8,10.2c1.7,0,3.2,1.4,3.2,3.2s-1.4,3.2-3.2,3.2c-1.7,0-3.2-1.4-3.2-3.2S17,10.2,18.8,10.2z M34.6,10.2c1.5,0,2.6,1.4,2.6,3.2s-0.5,3.2-1.9,3.2c-1.5,0-3.4-1.4-3.4-3.2S33.1,10.2,34.6,10.2z M50.5,10.2c1.7,0,3.2,1.4,3.2,3.2s-1.4,3.2-3.2,3.2c-1.7,0-3.3-0.9-3.3-2.6S48.7,10.2,50.5,10.2z M66.2,10.2c1.5,0,3.4,1.4,3.4,3.2s-1.9,3.2-3.4,3.2c-1.5,0-2.6-0.4-2.6-2.1S64.8,10.2,66.2,10.2z M82.2,10.2c1.7,0.8,2.6,1.4,2.6,3.2s-0.1,3.2-1.6,3.2c-1.5,0-3.7-1.4-3.7-3.2S80.5,9.4,82.2,10.2zM98.6,10.2c1.5,0,2.6,0.4,2.6,2.1s-1.2,4.2-2.6,4.2c-1.5,0-3.7-0.4-3.7-2.1S97.1,10.2,98.6,10.2z M113.4,10.2c1.2,0,2.2,0.9,2.2,3.2s-0.1,3.2-1.3,3.2s-3.1-1.4-3.1-3.2S112.2,10.2,113.4,10.2z&#039;\/%3E%3C\/svg%3E&quot;);\">\n\t\t\t<span class=\"elementor-divider-separator\">\n\t\t\t\t\t\t<\/span>\n\t\t<\/div>\n\t\t\t\t\t\t<\/div>\n\t\t\t\t<\/div>\n\t\t\t\t<div class=\"elementor-element elementor-element-499bdcd elementor-widget elementor-widget-heading\" data-id=\"499bdcd\" data-element_type=\"widget\" data-e-type=\"widget\" data-widget_type=\"heading.default\">\n\t\t\t\t<div class=\"elementor-widget-container\">\n\t\t\t\t\t<h2 class=\"elementor-heading-title elementor-size-default\">Jugando al apicultor<\/h2>\t\t\t\t<\/div>\n\t\t\t\t<\/div>\n\t\t\t\t<div class=\"elementor-element elementor-element-707843f elementor-widget elementor-widget-heading\" data-id=\"707843f\" data-element_type=\"widget\" data-e-type=\"widget\" data-widget_type=\"heading.default\">\n\t\t\t\t<div class=\"elementor-widget-container\">\n\t\t\t\t\t<h2 class=\"elementor-heading-title elementor-size-default\">a cargo del Grupo Ap\u00edcola FCV \u2013 UNL. Actividad de inter\u00e9s educativo. \n<\/h2>\t\t\t\t<\/div>\n\t\t\t\t<\/div>\n\t\t\t\t<div class=\"elementor-element elementor-element-d6f4d27 elementor-widget-divider--separator-type-pattern elementor-widget-divider--no-spacing elementor-widget-divider--view-line elementor-widget elementor-widget-divider\" data-id=\"d6f4d27\" data-element_type=\"widget\" data-e-type=\"widget\" data-widget_type=\"divider.default\">\n\t\t\t\t<div class=\"elementor-widget-container\">\n\t\t\t\t\t\t\t<div class=\"elementor-divider\" style=\"--divider-pattern-url: url(&quot;data:image\/svg+xml,%3Csvg xmlns=&#039;http:\/\/www.w3.org\/2000\/svg&#039; preserveAspectRatio=&#039;xMidYMid meet&#039; overflow=&#039;visible&#039; height=&#039;100%&#039; viewBox=&#039;0 0 126 26&#039; fill=&#039;black&#039; stroke=&#039;none&#039;%3E%3Cpath d=&#039;M3,10.2c2.6,0,2.6,2,2.6,3.2S4.4,16.5,3,16.5s-3-1.4-3-3.2S0.4,10.2,3,10.2z M18.8,10.2c1.7,0,3.2,1.4,3.2,3.2s-1.4,3.2-3.2,3.2c-1.7,0-3.2-1.4-3.2-3.2S17,10.2,18.8,10.2z M34.6,10.2c1.5,0,2.6,1.4,2.6,3.2s-0.5,3.2-1.9,3.2c-1.5,0-3.4-1.4-3.4-3.2S33.1,10.2,34.6,10.2z M50.5,10.2c1.7,0,3.2,1.4,3.2,3.2s-1.4,3.2-3.2,3.2c-1.7,0-3.3-0.9-3.3-2.6S48.7,10.2,50.5,10.2z M66.2,10.2c1.5,0,3.4,1.4,3.4,3.2s-1.9,3.2-3.4,3.2c-1.5,0-2.6-0.4-2.6-2.1S64.8,10.2,66.2,10.2z M82.2,10.2c1.7,0.8,2.6,1.4,2.6,3.2s-0.1,3.2-1.6,3.2c-1.5,0-3.7-1.4-3.7-3.2S80.5,9.4,82.2,10.2zM98.6,10.2c1.5,0,2.6,0.4,2.6,2.1s-1.2,4.2-2.6,4.2c-1.5,0-3.7-0.4-3.7-2.1S97.1,10.2,98.6,10.2z M113.4,10.2c1.2,0,2.2,0.9,2.2,3.2s-0.1,3.2-1.3,3.2s-3.1-1.4-3.1-3.2S112.2,10.2,113.4,10.2z&#039;\/%3E%3C\/svg%3E&quot;);\">\n\t\t\t<span class=\"elementor-divider-separator\">\n\t\t\t\t\t\t<\/span>\n\t\t<\/div>\n\t\t\t\t\t\t<\/div>\n\t\t\t\t<\/div>\n\t\t\t\t<div class=\"elementor-element elementor-element-064f6f0 elementor-widget elementor-widget-heading\" data-id=\"064f6f0\" data-element_type=\"widget\" data-e-type=\"widget\" data-widget_type=\"heading.default\">\n\t\t\t\t<div class=\"elementor-widget-container\">\n\t\t\t\t\t<h2 class=\"elementor-heading-title elementor-size-default\">Agregando Valor\u2026Taller demostrativo de curtido artesanal de cueros y Marroquiner\u00eda.<\/h2>\t\t\t\t<\/div>\n\t\t\t\t<\/div>\n\t\t\t\t<div class=\"elementor-element elementor-element-0ad3bdb elementor-widget elementor-widget-heading\" data-id=\"0ad3bdb\" data-element_type=\"widget\" data-e-type=\"widget\" data-widget_type=\"heading.default\">\n\t\t\t\t<div class=\"elementor-widget-container\">\n\t\t\t\t\t<h2 class=\"elementor-heading-title elementor-size-default\">A cargo del taller \u201c9 de Julio\u201d con la FCV.\n<\/h2>\t\t\t\t<\/div>\n\t\t\t\t<\/div>\n\t\t\t\t<div class=\"elementor-element elementor-element-de16154 elementor-widget-divider--view-line_icon elementor-view-default elementor-widget-divider--element-align-center elementor-widget elementor-widget-divider\" data-id=\"de16154\" data-element_type=\"widget\" data-e-type=\"widget\" data-widget_type=\"divider.default\">\n\t\t\t\t<div class=\"elementor-widget-container\">\n\t\t\t\t\t\t\t<div class=\"elementor-divider\">\n\t\t\t<span class=\"elementor-divider-separator\">\n\t\t\t\t\t\t\t<div class=\"elementor-icon elementor-divider__element\">\n\t\t\t\t\t<i aria-hidden=\"true\" class=\"fas fa-sun\"><\/i><\/div>\n\t\t\t\t\t\t<\/span>\n\t\t<\/div>\n\t\t\t\t\t\t<\/div>\n\t\t\t\t<\/div>\n\t\t\t\t\t<\/div>\n\t\t<\/div>\n\t\t\t\t\t<\/div>\n\t\t<\/section>\n\t\t\t\t<section class=\"elementor-section elementor-inner-section elementor-element elementor-element-1185d89 elementor-section-full_width elementor-section-height-default elementor-section-height-default\" data-id=\"1185d89\" data-element_type=\"section\" data-e-type=\"section\">\n\t\t\t\t\t\t<div class=\"elementor-container elementor-column-gap-default\">\n\t\t\t\t\t<div class=\"elementor-column elementor-col-100 elementor-inner-column elementor-element elementor-element-c0cd63b\" data-id=\"c0cd63b\" data-element_type=\"column\" data-e-type=\"column\">\n\t\t\t<div class=\"elementor-widget-wrap elementor-element-populated\">\n\t\t\t\t\t\t<div class=\"elementor-element elementor-element-1a1f459 elementor-widget elementor-widget-heading\" data-id=\"1a1f459\" data-element_type=\"widget\" data-e-type=\"widget\" data-widget_type=\"heading.default\">\n\t\t\t\t<div class=\"elementor-widget-container\">\n\t\t\t\t\t<h2 class=\"elementor-heading-title elementor-size-default\">CAPACITACI\u00d3N<\/h2>\t\t\t\t<\/div>\n\t\t\t\t<\/div>\n\t\t\t\t<div class=\"elementor-element elementor-element-2ec1bc7 elementor-widget elementor-widget-heading\" data-id=\"2ec1bc7\" data-element_type=\"widget\" data-e-type=\"widget\" data-widget_type=\"heading.default\">\n\t\t\t\t<div class=\"elementor-widget-container\">\n\t\t\t\t\t<h2 class=\"elementor-heading-title elementor-size-default\">Charla central: Viernes 19, 19 hs \u2013 Leo Ponzio: liderazgo, trabajo y tradici\u00f3n productiva.\n<\/h2>\t\t\t\t<\/div>\n\t\t\t\t<\/div>\n\t\t\t\t<div class=\"elementor-element elementor-element-5d5b33c elementor-widget-divider--view-line_icon elementor-view-default elementor-widget-divider--element-align-center elementor-widget elementor-widget-divider\" data-id=\"5d5b33c\" data-element_type=\"widget\" data-e-type=\"widget\" data-widget_type=\"divider.default\">\n\t\t\t\t<div class=\"elementor-widget-container\">\n\t\t\t\t\t\t\t<div class=\"elementor-divider\">\n\t\t\t<span class=\"elementor-divider-separator\">\n\t\t\t\t\t\t\t<div class=\"elementor-icon elementor-divider__element\">\n\t\t\t\t\t<i aria-hidden=\"true\" class=\"fas fa-sun\"><\/i><\/div>\n\t\t\t\t\t\t<\/span>\n\t\t<\/div>\n\t\t\t\t\t\t<\/div>\n\t\t\t\t<\/div>\n\t\t\t\t\t<\/div>\n\t\t<\/div>\n\t\t\t\t\t<\/div>\n\t\t<\/section>\n\t\t\t\t<section class=\"elementor-section elementor-inner-section elementor-element elementor-element-8225ed9 elementor-section-full_width elementor-section-height-default elementor-section-height-default\" data-id=\"8225ed9\" data-element_type=\"section\" data-e-type=\"section\">\n\t\t\t\t\t\t<div class=\"elementor-container elementor-column-gap-default\">\n\t\t\t\t\t<div class=\"elementor-column elementor-col-33 elementor-inner-column elementor-element elementor-element-0315547\" data-id=\"0315547\" data-element_type=\"column\" data-e-type=\"column\">\n\t\t\t<div class=\"elementor-widget-wrap elementor-element-populated\">\n\t\t\t\t\t\t\t<\/div>\n\t\t<\/div>\n\t\t\t\t<div class=\"elementor-column elementor-col-33 elementor-inner-column elementor-element elementor-element-d23bfac\" data-id=\"d23bfac\" data-element_type=\"column\" data-e-type=\"column\">\n\t\t\t<div class=\"elementor-widget-wrap elementor-element-populated\">\n\t\t\t\t\t\t\t<\/div>\n\t\t<\/div>\n\t\t\t\t<div class=\"elementor-column elementor-col-33 elementor-inner-column elementor-element elementor-element-69e77cf\" data-id=\"69e77cf\" data-element_type=\"column\" data-e-type=\"column\">\n\t\t\t<div class=\"elementor-widget-wrap elementor-element-populated\">\n\t\t\t\t\t\t\t<\/div>\n\t\t<\/div>\n\t\t\t\t\t<\/div>\n\t\t<\/section>\n\t\t\t\t<section class=\"elementor-section elementor-inner-section elementor-element elementor-element-4f24a31 elementor-section-full_width elementor-section-height-default elementor-section-height-default\" data-id=\"4f24a31\" data-element_type=\"section\" data-e-type=\"section\">\n\t\t\t\t\t\t<div class=\"elementor-container elementor-column-gap-default\">\n\t\t\t\t\t<div class=\"elementor-column elementor-col-33 elementor-inner-column elementor-element elementor-element-16d0a3e\" data-id=\"16d0a3e\" data-element_type=\"column\" data-e-type=\"column\">\n\t\t\t<div class=\"elementor-widget-wrap elementor-element-populated\">\n\t\t\t\t\t\t\t<\/div>\n\t\t<\/div>\n\t\t\t\t<div class=\"elementor-column elementor-col-33 elementor-inner-column elementor-element elementor-element-5b4cfa6\" data-id=\"5b4cfa6\" data-element_type=\"column\" data-e-type=\"column\">\n\t\t\t<div class=\"elementor-widget-wrap elementor-element-populated\">\n\t\t\t\t\t\t\t<\/div>\n\t\t<\/div>\n\t\t\t\t<div class=\"elementor-column elementor-col-33 elementor-inner-column elementor-element elementor-element-ecd95fe\" data-id=\"ecd95fe\" data-element_type=\"column\" data-e-type=\"column\">\n\t\t\t<div class=\"elementor-widget-wrap elementor-element-populated\">\n\t\t\t\t\t\t\t<\/div>\n\t\t<\/div>\n\t\t\t\t\t<\/div>\n\t\t<\/section>\n\t\t\t\t<section class=\"elementor-section elementor-inner-section elementor-element elementor-element-3a52789 elementor-section-full_width elementor-section-height-default elementor-section-height-default\" data-id=\"3a52789\" data-element_type=\"section\" data-e-type=\"section\">\n\t\t\t\t\t\t<div class=\"elementor-container elementor-column-gap-default\">\n\t\t\t\t\t<div class=\"elementor-column elementor-col-33 elementor-inner-column elementor-element elementor-element-af5ff41\" data-id=\"af5ff41\" data-element_type=\"column\" data-e-type=\"column\">\n\t\t\t<div class=\"elementor-widget-wrap elementor-element-populated\">\n\t\t\t\t\t\t\t<\/div>\n\t\t<\/div>\n\t\t\t\t<div class=\"elementor-column elementor-col-33 elementor-inner-column elementor-element elementor-element-7b01303\" data-id=\"7b01303\" data-element_type=\"column\" data-e-type=\"column\">\n\t\t\t<div class=\"elementor-widget-wrap elementor-element-populated\">\n\t\t\t\t\t\t\t<\/div>\n\t\t<\/div>\n\t\t\t\t<div class=\"elementor-column elementor-col-33 elementor-inner-column elementor-element elementor-element-30b658c\" data-id=\"30b658c\" data-element_type=\"column\" data-e-type=\"column\">\n\t\t\t<div class=\"elementor-widget-wrap elementor-element-populated\">\n\t\t\t\t\t\t\t<\/div>\n\t\t<\/div>\n\t\t\t\t\t<\/div>\n\t\t<\/section>\n\t\t\t\t\t<\/div>\n\t\t<\/div>\n\t\t\t\t\t<\/div>\n\t\t<\/section>\n\t\t\t\t<section class=\"elementor-section elementor-top-section elementor-element elementor-element-8d83901 elementor-section-full_width elementor-section-stretched elementor-section-height-default elementor-section-height-default\" data-id=\"8d83901\" data-element_type=\"section\" data-e-type=\"section\" data-settings=\"{&quot;stretch_section&quot;:&quot;section-stretched&quot;}\">\n\t\t\t\t\t\t<div class=\"elementor-container elementor-column-gap-default\">\n\t\t\t\t\t<div class=\"elementor-column elementor-col-100 elementor-top-column elementor-element elementor-element-9def911\" data-id=\"9def911\" data-element_type=\"column\" data-e-type=\"column\">\n\t\t\t<div class=\"elementor-widget-wrap elementor-element-populated\">\n\t\t\t\t\t\t<div class=\"elementor-element elementor-element-2d070e7 elementor-widget elementor-widget-heading\" data-id=\"2d070e7\" data-element_type=\"widget\" data-e-type=\"widget\" data-widget_type=\"heading.default\">\n\t\t\t\t<div class=\"elementor-widget-container\">\n\t\t\t\t\t<h2 class=\"elementor-heading-title elementor-size-default\">HORARIOS Y COSTOS DE ENTRADAS<\/h2>\t\t\t\t<\/div>\n\t\t\t\t<\/div>\n\t\t\t\t<div class=\"elementor-element elementor-element-b1b353a elementor-widget elementor-widget-text-editor\" data-id=\"b1b353a\" data-element_type=\"widget\" data-e-type=\"widget\" data-widget_type=\"text-editor.default\">\n\t\t\t\t<div class=\"elementor-widget-container\">\n\t\t\t\t\t\t\t\t\t<p><strong><u>Horarios al P\u00fablico:<\/u><\/strong><\/p><p>&#8211;\u00a0\u00a0\u00a0 \u00a0\u00a0\u00a0\u00a0\u00a0\u00a0 Jueves y domingo de 11 a 19 hs<\/p><p>&#8211;\u00a0\u00a0\u00a0 \u00a0\u00a0\u00a0\u00a0\u00a0\u00a0 Viernes y s\u00e1bado de 11 a 21 hs<\/p><p><span style=\"text-decoration: underline;\"><strong>Entradas<\/strong><\/span><\/p><p>Durante los d\u00edas de la Expo:<\/p><ul><li><p><span style=\"font-weight: 400;\">Jueves y viernes: $5.000<\/span><\/p><\/li><li><p><span style=\"font-weight: 400;\">S\u00e1bado y domingo: $10.000<\/span><\/p><\/li><li><p><span style=\"font-weight: 400;\">Menores de 12 a\u00f1os: gratis<\/span><\/p><\/li><li><p><span style=\"font-weight: 400;\">Jubilados: gratis jueves y viernes \/ $5.000 s\u00e1bado y domingo<\/span><\/p><p><span style=\"font-weight: 400;\">Anticipadas y Venta on line: a confirmar<\/span><\/p><\/li><\/ul>\t\t\t\t\t\t\t\t<\/div>\n\t\t\t\t<\/div>\n\t\t\t\t\t<\/div>\n\t\t<\/div>\n\t\t\t\t\t<\/div>\n\t\t<\/section>\n\t\t\t\t<\/div>\n\t\t","protected":false},"excerpt":{"rendered":"<p>118\u00ba Expo Rural Rafaela del 18 al 21 de Sep de 2025 &#8211; Video Resumen de los 4 d\u00edas Del 18 al 21 de septiembre, viv\u00ed la 118\u00aa edici\u00f3n de la muestra que une campo y ciudad en una experiencia \u00fanica de producci\u00f3n, tecnolog\u00eda, educaci\u00f3n y familia. Cada Expo es un nuevo cap\u00edtulo en una [&hellip;]<\/p>\n","protected":false},"author":2,"featured_media":0,"parent":0,"menu_order":0,"comment_status":"closed","ping_status":"closed","template":"","meta":{"ocean_post_layout":"","ocean_both_sidebars_style":"","ocean_both_sidebars_content_width":0,"ocean_both_sidebars_sidebars_width":0,"ocean_sidebar":"0","ocean_second_sidebar":"0","ocean_disable_margins":"enable","ocean_add_body_class":"","ocean_shortcode_before_top_bar":"","ocean_shortcode_after_top_bar":"","ocean_shortcode_before_header":"","ocean_shortcode_after_header":"","ocean_has_shortcode":"","ocean_shortcode_after_title":"","ocean_shortcode_before_footer_widgets":"","ocean_shortcode_after_footer_widgets":"","ocean_shortcode_before_footer_bottom":"","ocean_shortcode_after_footer_bottom":"","ocean_display_top_bar":"default","ocean_display_header":"default","ocean_header_style":"","ocean_center_header_left_menu":"0","ocean_custom_header_template":"0","ocean_custom_logo":0,"ocean_custom_retina_logo":0,"ocean_custom_logo_max_width":0,"ocean_custom_logo_tablet_max_width":0,"ocean_custom_logo_mobile_max_width":0,"ocean_custom_logo_max_height":0,"ocean_custom_logo_tablet_max_height":0,"ocean_custom_logo_mobile_max_height":0,"ocean_header_custom_menu":"0","ocean_menu_typo_font_family":"0","ocean_menu_typo_font_subset":"","ocean_menu_typo_font_size":0,"ocean_menu_typo_font_size_tablet":0,"ocean_menu_typo_font_size_mobile":0,"ocean_menu_typo_font_size_unit":"px","ocean_menu_typo_font_weight":"","ocean_menu_typo_font_weight_tablet":"","ocean_menu_typo_font_weight_mobile":"","ocean_menu_typo_transform":"","ocean_menu_typo_transform_tablet":"","ocean_menu_typo_transform_mobile":"","ocean_menu_typo_line_height":0,"ocean_menu_typo_line_height_tablet":0,"ocean_menu_typo_line_height_mobile":0,"ocean_menu_typo_line_height_unit":"","ocean_menu_typo_spacing":0,"ocean_menu_typo_spacing_tablet":0,"ocean_menu_typo_spacing_mobile":0,"ocean_menu_typo_spacing_unit":"","ocean_menu_link_color":"","ocean_menu_link_color_hover":"","ocean_menu_link_color_active":"","ocean_menu_link_background":"","ocean_menu_link_hover_background":"","ocean_menu_link_active_background":"","ocean_menu_social_links_bg":"","ocean_menu_social_hover_links_bg":"","ocean_menu_social_links_color":"","ocean_menu_social_hover_links_color":"","ocean_disable_title":"default","ocean_disable_heading":"default","ocean_post_title":"","ocean_post_subheading":"","ocean_post_title_style":"background-image","ocean_post_title_background_color":"","ocean_post_title_background":88,"ocean_post_title_bg_image_position":"","ocean_post_title_bg_image_attachment":"","ocean_post_title_bg_image_repeat":"","ocean_post_title_bg_image_size":"","ocean_post_title_height":0,"ocean_post_title_bg_overlay":0.5,"ocean_post_title_bg_overlay_color":"","ocean_disable_breadcrumbs":"default","ocean_breadcrumbs_color":"","ocean_breadcrumbs_separator_color":"","ocean_breadcrumbs_links_color":"","ocean_breadcrumbs_links_hover_color":"","ocean_display_footer_widgets":"default","ocean_display_footer_bottom":"default","ocean_custom_footer_template":"0","_joinchat":[],"footnotes":""},"class_list":["post-23","page","type-page","status-publish","hentry","entry","has-media"],"yoast_head":"<!-- This site is optimized with the Yoast SEO plugin v27.5 - https:\/\/yoast.com\/product\/yoast-seo-wordpress\/ -->\n<title>118\u00ba Expo Rural Rafaela 2025 - 118 Expo Rural Rafaela 2025<\/title>\n<meta name=\"robots\" content=\"index, follow, max-snippet:-1, max-image-preview:large, max-video-preview:-1\" \/>\n<link rel=\"canonical\" href=\"https:\/\/ruralrafaela.com.ar\/exporural2025\/\" \/>\n<meta property=\"og:locale\" content=\"es_ES\" \/>\n<meta property=\"og:type\" content=\"article\" \/>\n<meta property=\"og:title\" content=\"118\u00ba Expo Rural Rafaela 2025 - 118 Expo Rural Rafaela 2025\" \/>\n<meta property=\"og:description\" content=\"118\u00ba Expo Rural Rafaela del 18 al 21 de Sep de 2025 &#8211; Video Resumen de los 4 d\u00edas Del 18 al 21 de septiembre, viv\u00ed la 118\u00aa edici\u00f3n de la muestra que une campo y ciudad en una experiencia \u00fanica de producci\u00f3n, tecnolog\u00eda, educaci\u00f3n y familia. Cada Expo es un nuevo cap\u00edtulo en una [&hellip;]\" \/>\n<meta property=\"og:url\" content=\"https:\/\/ruralrafaela.com.ar\/exporural2025\/\" \/>\n<meta property=\"og:site_name\" content=\"118 Expo Rural Rafaela 2025\" \/>\n<meta property=\"article:modified_time\" content=\"2025-10-15T18:19:40+00:00\" \/>\n<meta property=\"og:image\" content=\"https:\/\/ruralrafaela.com.ar\/exporural2025\/wp-content\/uploads\/sites\/24\/2022\/10\/panoramica01.jpg\" \/>\n\t<meta property=\"og:image:width\" content=\"1920\" \/>\n\t<meta property=\"og:image:height\" content=\"332\" \/>\n\t<meta property=\"og:image:type\" content=\"image\/jpeg\" \/>\n<meta name=\"twitter:card\" content=\"summary_large_image\" \/>\n<meta name=\"twitter:label1\" content=\"Tiempo de lectura\" \/>\n\t<meta name=\"twitter:data1\" content=\"8 minutos\" \/>\n<script type=\"application\/ld+json\" class=\"yoast-schema-graph\">{\"@context\":\"https:\\\/\\\/schema.org\",\"@graph\":[{\"@type\":\"WebPage\",\"@id\":\"https:\\\/\\\/ruralrafaela.com.ar\\\/exporural2025\\\/\",\"url\":\"https:\\\/\\\/ruralrafaela.com.ar\\\/exporural2025\\\/\",\"name\":\"118\u00ba Expo Rural Rafaela 2025 - 118 Expo Rural Rafaela 2025\",\"isPartOf\":{\"@id\":\"https:\\\/\\\/ruralrafaela.com.ar\\\/exporural2025\\\/#website\"},\"primaryImageOfPage\":{\"@id\":\"https:\\\/\\\/ruralrafaela.com.ar\\\/exporural2025\\\/#primaryimage\"},\"image\":{\"@id\":\"https:\\\/\\\/ruralrafaela.com.ar\\\/exporural2025\\\/#primaryimage\"},\"thumbnailUrl\":\"https:\\\/\\\/ruralrafaela.com.ar\\\/exporural2025\\\/wp-content\\\/uploads\\\/sites\\\/24\\\/2022\\\/10\\\/panoramica01.jpg\",\"datePublished\":\"2022-08-24T15:11:16+00:00\",\"dateModified\":\"2025-10-15T18:19:40+00:00\",\"breadcrumb\":{\"@id\":\"https:\\\/\\\/ruralrafaela.com.ar\\\/exporural2025\\\/#breadcrumb\"},\"inLanguage\":\"es\",\"potentialAction\":[{\"@type\":\"ReadAction\",\"target\":[\"https:\\\/\\\/ruralrafaela.com.ar\\\/exporural2025\\\/\"]}]},{\"@type\":\"ImageObject\",\"inLanguage\":\"es\",\"@id\":\"https:\\\/\\\/ruralrafaela.com.ar\\\/exporural2025\\\/#primaryimage\",\"url\":\"https:\\\/\\\/ruralrafaela.com.ar\\\/exporural2025\\\/wp-content\\\/uploads\\\/sites\\\/24\\\/2022\\\/10\\\/panoramica01.jpg\",\"contentUrl\":\"https:\\\/\\\/ruralrafaela.com.ar\\\/exporural2025\\\/wp-content\\\/uploads\\\/sites\\\/24\\\/2022\\\/10\\\/panoramica01.jpg\",\"width\":\"1920\",\"height\":\"332\"},{\"@type\":\"BreadcrumbList\",\"@id\":\"https:\\\/\\\/ruralrafaela.com.ar\\\/exporural2025\\\/#breadcrumb\",\"itemListElement\":[{\"@type\":\"ListItem\",\"position\":1,\"name\":\"Portada\",\"item\":\"https:\\\/\\\/ruralrafaela.com.ar\\\/exporural2025\\\/\"},{\"@type\":\"ListItem\",\"position\":2,\"name\":\"118\u00ba Expo Rural Rafaela 2025\"}]},{\"@type\":\"WebSite\",\"@id\":\"https:\\\/\\\/ruralrafaela.com.ar\\\/exporural2025\\\/#website\",\"url\":\"https:\\\/\\\/ruralrafaela.com.ar\\\/exporural2025\\\/\",\"name\":\"118 Expo Rural Rafaela 2025\",\"description\":\"Sitio oficial de la Expo Rural Rafaela\",\"publisher\":{\"@id\":\"https:\\\/\\\/ruralrafaela.com.ar\\\/exporural2025\\\/#organization\"},\"potentialAction\":[{\"@type\":\"SearchAction\",\"target\":{\"@type\":\"EntryPoint\",\"urlTemplate\":\"https:\\\/\\\/ruralrafaela.com.ar\\\/exporural2025\\\/?s={search_term_string}\"},\"query-input\":{\"@type\":\"PropertyValueSpecification\",\"valueRequired\":true,\"valueName\":\"search_term_string\"}}],\"inLanguage\":\"es\"},{\"@type\":\"Organization\",\"@id\":\"https:\\\/\\\/ruralrafaela.com.ar\\\/exporural2025\\\/#organization\",\"name\":\"118 Expo Rural Rafaela 2025\",\"url\":\"https:\\\/\\\/ruralrafaela.com.ar\\\/exporural2025\\\/\",\"logo\":{\"@type\":\"ImageObject\",\"inLanguage\":\"es\",\"@id\":\"https:\\\/\\\/ruralrafaela.com.ar\\\/exporural2025\\\/#\\\/schema\\\/logo\\\/image\\\/\",\"url\":\"https:\\\/\\\/ruralrafaela.com.ar\\\/exporural2025\\\/wp-content\\\/uploads\\\/sites\\\/24\\\/2025\\\/08\\\/logo_expo2025.jpg\",\"contentUrl\":\"https:\\\/\\\/ruralrafaela.com.ar\\\/exporural2025\\\/wp-content\\\/uploads\\\/sites\\\/24\\\/2025\\\/08\\\/logo_expo2025.jpg\",\"width\":611,\"height\":368,\"caption\":\"118 Expo Rural Rafaela 2025\"},\"image\":{\"@id\":\"https:\\\/\\\/ruralrafaela.com.ar\\\/exporural2025\\\/#\\\/schema\\\/logo\\\/image\\\/\"}}]}<\/script>\n<!-- \/ Yoast SEO plugin. -->","yoast_head_json":{"title":"118\u00ba Expo Rural Rafaela 2025 - 118 Expo Rural Rafaela 2025","robots":{"index":"index","follow":"follow","max-snippet":"max-snippet:-1","max-image-preview":"max-image-preview:large","max-video-preview":"max-video-preview:-1"},"canonical":"https:\/\/ruralrafaela.com.ar\/exporural2025\/","og_locale":"es_ES","og_type":"article","og_title":"118\u00ba Expo Rural Rafaela 2025 - 118 Expo Rural Rafaela 2025","og_description":"118\u00ba Expo Rural Rafaela del 18 al 21 de Sep de 2025 &#8211; Video Resumen de los 4 d\u00edas Del 18 al 21 de septiembre, viv\u00ed la 118\u00aa edici\u00f3n de la muestra que une campo y ciudad en una experiencia \u00fanica de producci\u00f3n, tecnolog\u00eda, educaci\u00f3n y familia. Cada Expo es un nuevo cap\u00edtulo en una [&hellip;]","og_url":"https:\/\/ruralrafaela.com.ar\/exporural2025\/","og_site_name":"118 Expo Rural Rafaela 2025","article_modified_time":"2025-10-15T18:19:40+00:00","og_image":[{"width":1920,"height":332,"url":"https:\/\/ruralrafaela.com.ar\/exporural2025\/wp-content\/uploads\/sites\/24\/2022\/10\/panoramica01.jpg","type":"image\/jpeg"}],"twitter_card":"summary_large_image","twitter_misc":{"Tiempo de lectura":"8 minutos"},"schema":{"@context":"https:\/\/schema.org","@graph":[{"@type":"WebPage","@id":"https:\/\/ruralrafaela.com.ar\/exporural2025\/","url":"https:\/\/ruralrafaela.com.ar\/exporural2025\/","name":"118\u00ba Expo Rural Rafaela 2025 - 118 Expo Rural Rafaela 2025","isPartOf":{"@id":"https:\/\/ruralrafaela.com.ar\/exporural2025\/#website"},"primaryImageOfPage":{"@id":"https:\/\/ruralrafaela.com.ar\/exporural2025\/#primaryimage"},"image":{"@id":"https:\/\/ruralrafaela.com.ar\/exporural2025\/#primaryimage"},"thumbnailUrl":"https:\/\/ruralrafaela.com.ar\/exporural2025\/wp-content\/uploads\/sites\/24\/2022\/10\/panoramica01.jpg","datePublished":"2022-08-24T15:11:16+00:00","dateModified":"2025-10-15T18:19:40+00:00","breadcrumb":{"@id":"https:\/\/ruralrafaela.com.ar\/exporural2025\/#breadcrumb"},"inLanguage":"es","potentialAction":[{"@type":"ReadAction","target":["https:\/\/ruralrafaela.com.ar\/exporural2025\/"]}]},{"@type":"ImageObject","inLanguage":"es","@id":"https:\/\/ruralrafaela.com.ar\/exporural2025\/#primaryimage","url":"https:\/\/ruralrafaela.com.ar\/exporural2025\/wp-content\/uploads\/sites\/24\/2022\/10\/panoramica01.jpg","contentUrl":"https:\/\/ruralrafaela.com.ar\/exporural2025\/wp-content\/uploads\/sites\/24\/2022\/10\/panoramica01.jpg","width":"1920","height":"332"},{"@type":"BreadcrumbList","@id":"https:\/\/ruralrafaela.com.ar\/exporural2025\/#breadcrumb","itemListElement":[{"@type":"ListItem","position":1,"name":"Portada","item":"https:\/\/ruralrafaela.com.ar\/exporural2025\/"},{"@type":"ListItem","position":2,"name":"118\u00ba Expo Rural Rafaela 2025"}]},{"@type":"WebSite","@id":"https:\/\/ruralrafaela.com.ar\/exporural2025\/#website","url":"https:\/\/ruralrafaela.com.ar\/exporural2025\/","name":"118 Expo Rural Rafaela 2025","description":"Sitio oficial de la Expo Rural Rafaela","publisher":{"@id":"https:\/\/ruralrafaela.com.ar\/exporural2025\/#organization"},"potentialAction":[{"@type":"SearchAction","target":{"@type":"EntryPoint","urlTemplate":"https:\/\/ruralrafaela.com.ar\/exporural2025\/?s={search_term_string}"},"query-input":{"@type":"PropertyValueSpecification","valueRequired":true,"valueName":"search_term_string"}}],"inLanguage":"es"},{"@type":"Organization","@id":"https:\/\/ruralrafaela.com.ar\/exporural2025\/#organization","name":"118 Expo Rural Rafaela 2025","url":"https:\/\/ruralrafaela.com.ar\/exporural2025\/","logo":{"@type":"ImageObject","inLanguage":"es","@id":"https:\/\/ruralrafaela.com.ar\/exporural2025\/#\/schema\/logo\/image\/","url":"https:\/\/ruralrafaela.com.ar\/exporural2025\/wp-content\/uploads\/sites\/24\/2025\/08\/logo_expo2025.jpg","contentUrl":"https:\/\/ruralrafaela.com.ar\/exporural2025\/wp-content\/uploads\/sites\/24\/2025\/08\/logo_expo2025.jpg","width":611,"height":368,"caption":"118 Expo Rural Rafaela 2025"},"image":{"@id":"https:\/\/ruralrafaela.com.ar\/exporural2025\/#\/schema\/logo\/image\/"}}]}},"_links":{"self":[{"href":"https:\/\/ruralrafaela.com.ar\/exporural2025\/wp-json\/wp\/v2\/pages\/23","targetHints":{"allow":["GET"]}}],"collection":[{"href":"https:\/\/ruralrafaela.com.ar\/exporural2025\/wp-json\/wp\/v2\/pages"}],"about":[{"href":"https:\/\/ruralrafaela.com.ar\/exporural2025\/wp-json\/wp\/v2\/types\/page"}],"author":[{"embeddable":true,"href":"https:\/\/ruralrafaela.com.ar\/exporural2025\/wp-json\/wp\/v2\/users\/2"}],"replies":[{"embeddable":true,"href":"https:\/\/ruralrafaela.com.ar\/exporural2025\/wp-json\/wp\/v2\/comments?post=23"}],"version-history":[{"count":213,"href":"https:\/\/ruralrafaela.com.ar\/exporural2025\/wp-json\/wp\/v2\/pages\/23\/revisions"}],"predecessor-version":[{"id":7313,"href":"https:\/\/ruralrafaela.com.ar\/exporural2025\/wp-json\/wp\/v2\/pages\/23\/revisions\/7313"}],"wp:attachment":[{"href":"https:\/\/ruralrafaela.com.ar\/exporural2025\/wp-json\/wp\/v2\/media?parent=23"}],"curies":[{"name":"wp","href":"https:\/\/api.w.org\/{rel}","templated":true}]}}