{"id":39,"date":"2022-08-24T15:51:30","date_gmt":"2022-08-24T15:51:30","guid":{"rendered":"https:\/\/ruralrafaela.com.ar\/exporural2023\/?page_id=39"},"modified":"2023-09-20T15:10:27","modified_gmt":"2023-09-20T15:10:27","slug":"charlas-y-capacitaciones","status":"publish","type":"page","link":"https:\/\/ruralrafaela.com.ar\/exporural2023\/charlas-y-capacitaciones\/","title":{"rendered":"Charlas y Capacitaciones"},"content":{"rendered":"<p>\n\n\n\n<\/p>\n<p><span style=\"font-weight: 400;\">Desarrollamos espacios de charlas, capacitaciones y conversatorios con disertantes de primer nivel, sobre los temas que ocupan la agenda regional.<\/span><\/p>\n<p><span style=\"font-weight: 400;\">&#8211;\u00a0 Lunes 18 de septiembre, 18:30: Facundo Sonatti, periodista e investigador de negocios, especializado en empresas de familia. <\/span><b>Conversaci\u00f3n sobre potencial productivo de la regi\u00f3n: presente y futuro. Casos de \u00e9xito.<\/b><\/p>\n<p><span style=\"font-weight: 400;\">&#8211; Martes 19 de septiembre, 19:30: charla sobre <\/span><b>\u00abRecursos humanos en empresas agropecuarias, desaf\u00edos y herramientas de gesti\u00f3n\u00bb<\/b><span style=\"font-weight: 400;\">. A cargo de Larisa A. Acosta, Licenciada en Recursos Humanos, M\u00e1ster en Direcci\u00f3n Estrat\u00e9gica de Empresas Familiares. Organiza GAMA.<\/span><\/p>\n<p><span style=\"font-weight: 400;\">&#8211; Jueves 21 de septiembre, a las 19: Dra. Ing. Agr. Mar\u00eda Paz Tieri, docente e investigadora de UTN e investigadora en INTA, nos presenta <\/span><b>\u201cCambio clim\u00e1tico<\/b><span style=\"font-weight: 400;\">: <\/span><b>de la huella ambiental a la licencia social. El caso de la Cooperativa Guillermo Lehmann.\u201d<\/b><\/p>\n<p><span style=\"font-weight: 400;\">&#8211; Viernes 22 de septiembre, a las 16: Ver\u00f3nica Cipolatti, nos comparte <\/span><b>\u201cLos desaf\u00edos de las PyMEs agropecuarias en el escenario global ambiental\u201d<\/b><span style=\"font-weight: 400;\">. Ver\u00f3nica es profesional de Triple Impacto, con 16 a\u00f1os de experiencia en gesti\u00f3n de proyectos sobre Desarrollo Sostenible, Educaci\u00f3n, Derechos Humanos y Responsabilidad Social Empresaria.<\/span><\/p>\n<p><span style=\"font-weight: 400;\">&#8211; Viernes 22 de septiembre, a las 18:45, nos visita Fausto Spotorno. Licenciado en Econom\u00eda de la UCA y Master en Finanzas UCEMA, Director del Instituto de Econom\u00eda de UADE, Director del Centro de Estudios Econ\u00f3micos de Orlando Ferreres &amp; Asociados desde 2009, Vicepresidente de la Fundaci\u00f3n Norte y Sur, y profesor universitario. Dirigi\u00f3 el \u00e1rea de Fusiones y Adquisiciones de OJF y se desempe\u00f1\u00f3 como consultor del Banco Interamericano de Desarrollo. El tema: <\/span><b>Perspectivas econ\u00f3micas de Argentina<\/b><span style=\"font-weight: 400;\">.<\/span><\/p>\n<p><span style=\"font-weight: 400;\">Todas estas actividades cuentan con cupos limitados. Por ese motivo, solicitamos inscripciones previas al whatsapp institucional: 3492-306917. ?<\/span><\/p>\n<p>s 21 de septiembre, a las 19: Dra. Mar\u00eda Paz Tieri, docente e investigadora UTN e investigadora en INTA, nos presenta \u201cCambio clim\u00e1tico: de la huella ambiental a la licencia social. El caso de la Cooperativa Guillermo Lehmann.\u201d<\/p>\n<p>\u2705 Viernes 22 de septiembre, a las 16: Ver\u00f3nica Cipolatti, emprendedora social y especialista en negocios con triple impacto, nos comparte \u201cLos desaf\u00edos de las PyMEs agropecuarias en el escenario global ambiental\u201d.<\/p>\n<p>\u2705 Viernes 22 de septiembre, a las 18:45, nos visita Fausto Spotorno. Licenciado en Econom\u00eda de la UCA y Master en Finanzas UCEMA, Director del Instituto de Econom\u00eda de UADE, Director del Centro de Estudios Econ\u00f3micos de Orlando Ferreres &amp; Asociados desde 2009, Vicepresidente de la Fundaci\u00f3n Norte y Sur, y, profesor universitario. Dirigi\u00f3 el \u00e1rea de Fusiones y Adquisiciones de OJF y se desempe\u00f1\u00f3 como consultor del Banco Interamericano de Desarrollo. El tema: Perspectivas econ\u00f3micas de Argentina.<\/p>\n<p>? Actividades con cupos limitados.<br \/>\u00a1Reserv\u00e1 tu lugar! Inscripciones al whatsapp institucional: 3492-306917.<\/p>\n\n\n\n<hr \/>\n\n\n<figure class=\"wp-block-image size-large\"><img fetchpriority=\"high\" decoding=\"async\" width=\"576\" height=\"1024\" src=\"https:\/\/ruralrafaela.com.ar\/exporural2023\/wp-content\/uploads\/sites\/21\/2023\/09\/charlas-576x1024.jpeg\" alt=\"\" class=\"wp-image-6342\" srcset=\"https:\/\/ruralrafaela.com.ar\/exporural2023\/wp-content\/uploads\/sites\/21\/2023\/09\/charlas-576x1024.jpeg 576w, https:\/\/ruralrafaela.com.ar\/exporural2023\/wp-content\/uploads\/sites\/21\/2023\/09\/charlas-169x300.jpeg 169w, https:\/\/ruralrafaela.com.ar\/exporural2023\/wp-content\/uploads\/sites\/21\/2023\/09\/charlas-768x1365.jpeg 768w, https:\/\/ruralrafaela.com.ar\/exporural2023\/wp-content\/uploads\/sites\/21\/2023\/09\/charlas-864x1536.jpeg 864w, https:\/\/ruralrafaela.com.ar\/exporural2023\/wp-content\/uploads\/sites\/21\/2023\/09\/charlas.jpeg 900w\" sizes=\"(max-width: 576px) 100vw, 576px\" \/><\/figure>\n\n\n\n<figure class=\"wp-block-embed is-type-video is-provider-youtube wp-block-embed-youtube wp-embed-aspect-16-9 wp-has-aspect-ratio\"><div class=\"wp-block-embed__wrapper\">\n<iframe  id=\"_ytid_30346\"  width=\"800\" height=\"450\"  data-origwidth=\"800\" data-origheight=\"450\" src=\"https:\/\/www.youtube.com\/embed\/NqHblTxTr1s?enablejsapi=1&#038;autoplay=0&#038;cc_load_policy=0&#038;cc_lang_pref=&#038;iv_load_policy=1&#038;loop=0&#038;rel=1&#038;fs=1&#038;playsinline=0&#038;autohide=2&#038;theme=dark&#038;color=red&#038;controls=1&#038;disablekb=0&#038;\" class=\"__youtube_prefs__  epyt-is-override  no-lazyload\" title=\"YouTube player\"  allow=\"fullscreen; accelerometer; autoplay; clipboard-write; encrypted-media; gyroscope; picture-in-picture; web-share\" referrerpolicy=\"strict-origin-when-cross-origin\" allowfullscreen data-no-lazy=\"1\" data-skipgform_ajax_framebjll=\"\"><\/iframe>\n<\/div><\/figure>\n","protected":false},"excerpt":{"rendered":"<p>Desarrollamos espacios de charlas, capacitaciones y conversatorios con disertantes de primer nivel, sobre los temas que ocupan la agenda regional. &#8211;\u00a0 Lunes 18 de septiembre, 18:30: Facundo Sonatti, periodista e investigador de negocios, especializado en empresas de familia. Conversaci\u00f3n sobre potencial productivo de la regi\u00f3n: presente y futuro. Casos de \u00e9xito. &#8211; Martes 19 de [&hellip;]<\/p>\n","protected":false},"author":2,"featured_media":0,"parent":0,"menu_order":0,"comment_status":"closed","ping_status":"closed","template":"","meta":{"ocean_post_layout":"","ocean_both_sidebars_style":"","ocean_both_sidebars_content_width":0,"ocean_both_sidebars_sidebars_width":0,"ocean_sidebar":"0","ocean_second_sidebar":"0","ocean_disable_margins":"enable","ocean_add_body_class":"","ocean_shortcode_before_top_bar":"","ocean_shortcode_after_top_bar":"","ocean_shortcode_before_header":"","ocean_shortcode_after_header":"","ocean_has_shortcode":"","ocean_shortcode_after_title":"","ocean_shortcode_before_footer_widgets":"","ocean_shortcode_after_footer_widgets":"","ocean_shortcode_before_footer_bottom":"","ocean_shortcode_after_footer_bottom":"","ocean_display_top_bar":"default","ocean_display_header":"default","ocean_header_style":"","ocean_center_header_left_menu":"0","ocean_custom_header_template":"0","ocean_custom_logo":0,"ocean_custom_retina_logo":0,"ocean_custom_logo_max_width":0,"ocean_custom_logo_tablet_max_width":0,"ocean_custom_logo_mobile_max_width":0,"ocean_custom_logo_max_height":0,"ocean_custom_logo_tablet_max_height":0,"ocean_custom_logo_mobile_max_height":0,"ocean_header_custom_menu":"0","ocean_menu_typo_font_family":"0","ocean_menu_typo_font_subset":"","ocean_menu_typo_font_size":0,"ocean_menu_typo_font_size_tablet":0,"ocean_menu_typo_font_size_mobile":0,"ocean_menu_typo_font_size_unit":"px","ocean_menu_typo_font_weight":"","ocean_menu_typo_font_weight_tablet":"","ocean_menu_typo_font_weight_mobile":"","ocean_menu_typo_transform":"","ocean_menu_typo_transform_tablet":"","ocean_menu_typo_transform_mobile":"","ocean_menu_typo_line_height":0,"ocean_menu_typo_line_height_tablet":0,"ocean_menu_typo_line_height_mobile":0,"ocean_menu_typo_line_height_unit":"","ocean_menu_typo_spacing":0,"ocean_menu_typo_spacing_tablet":0,"ocean_menu_typo_spacing_mobile":0,"ocean_menu_typo_spacing_unit":"","ocean_menu_link_color":"","ocean_menu_link_color_hover":"","ocean_menu_link_color_active":"","ocean_menu_link_background":"","ocean_menu_link_hover_background":"","ocean_menu_link_active_background":"","ocean_menu_social_links_bg":"","ocean_menu_social_hover_links_bg":"","ocean_menu_social_links_color":"","ocean_menu_social_hover_links_color":"","ocean_disable_title":"default","ocean_disable_heading":"default","ocean_post_title":"","ocean_post_subheading":"","ocean_post_title_style":"background-image","ocean_post_title_background_color":"","ocean_post_title_background":119,"ocean_post_title_bg_image_position":"","ocean_post_title_bg_image_attachment":"","ocean_post_title_bg_image_repeat":"","ocean_post_title_bg_image_size":"","ocean_post_title_height":0,"ocean_post_title_bg_overlay":0.5,"ocean_post_title_bg_overlay_color":"","ocean_disable_breadcrumbs":"default","ocean_breadcrumbs_color":"","ocean_breadcrumbs_separator_color":"","ocean_breadcrumbs_links_color":"","ocean_breadcrumbs_links_hover_color":"","ocean_display_footer_widgets":"default","ocean_display_footer_bottom":"default","ocean_custom_footer_template":"0","_joinchat":[],"footnotes":""},"class_list":["post-39","page","type-page","status-publish","hentry","entry"],"yoast_head":"<!-- This site is optimized with the Yoast SEO plugin v27.5 - https:\/\/yoast.com\/product\/yoast-seo-wordpress\/ -->\n<title>Charlas y Capacitaciones - 116 Expo Rural Rafaela 2023<\/title>\n<meta name=\"description\" content=\"Enterate de todas las capacitaciones que te ofrecemos en la 115\u00ba Expo Rural Rafaela.\" \/>\n<meta name=\"robots\" content=\"index, follow, max-snippet:-1, max-image-preview:large, max-video-preview:-1\" \/>\n<link rel=\"canonical\" href=\"https:\/\/ruralrafaela.com.ar\/exporural2023\/charlas-y-capacitaciones\/\" \/>\n<meta property=\"og:locale\" content=\"es_ES\" \/>\n<meta property=\"og:type\" content=\"article\" \/>\n<meta property=\"og:title\" content=\"Charlas y Capacitaciones - 116 Expo Rural Rafaela 2023\" \/>\n<meta property=\"og:description\" content=\"Enterate de todas las capacitaciones que te ofrecemos en la 115\u00ba Expo Rural Rafaela.\" \/>\n<meta property=\"og:url\" content=\"https:\/\/ruralrafaela.com.ar\/exporural2023\/charlas-y-capacitaciones\/\" \/>\n<meta property=\"og:site_name\" content=\"116 Expo Rural Rafaela 2023\" \/>\n<meta property=\"article:modified_time\" content=\"2023-09-20T15:10:27+00:00\" \/>\n<meta property=\"og:image\" content=\"https:\/\/ruralrafaela.com.ar\/exporural2023\/wp-content\/uploads\/sites\/21\/2023\/09\/charlas-576x1024.jpeg\" \/>\n<meta name=\"twitter:card\" content=\"summary_large_image\" \/>\n<meta name=\"twitter:label1\" content=\"Tiempo de lectura\" \/>\n\t<meta name=\"twitter:data1\" content=\"3 minutos\" \/>\n<script type=\"application\/ld+json\" class=\"yoast-schema-graph\">{\"@context\":\"https:\\\/\\\/schema.org\",\"@graph\":[{\"@type\":\"WebPage\",\"@id\":\"https:\\\/\\\/ruralrafaela.com.ar\\\/exporural2023\\\/charlas-y-capacitaciones\\\/\",\"url\":\"https:\\\/\\\/ruralrafaela.com.ar\\\/exporural2023\\\/charlas-y-capacitaciones\\\/\",\"name\":\"Charlas y Capacitaciones - 116 Expo Rural Rafaela 2023\",\"isPartOf\":{\"@id\":\"https:\\\/\\\/ruralrafaela.com.ar\\\/exporural2023\\\/#website\"},\"primaryImageOfPage\":{\"@id\":\"https:\\\/\\\/ruralrafaela.com.ar\\\/exporural2023\\\/charlas-y-capacitaciones\\\/#primaryimage\"},\"image\":{\"@id\":\"https:\\\/\\\/ruralrafaela.com.ar\\\/exporural2023\\\/charlas-y-capacitaciones\\\/#primaryimage\"},\"thumbnailUrl\":\"https:\\\/\\\/ruralrafaela.com.ar\\\/exporural2023\\\/wp-content\\\/uploads\\\/sites\\\/21\\\/2023\\\/09\\\/charlas-576x1024.jpeg\",\"datePublished\":\"2022-08-24T15:51:30+00:00\",\"dateModified\":\"2023-09-20T15:10:27+00:00\",\"description\":\"Enterate de todas las capacitaciones que te ofrecemos en la 115\u00ba Expo Rural Rafaela.\",\"breadcrumb\":{\"@id\":\"https:\\\/\\\/ruralrafaela.com.ar\\\/exporural2023\\\/charlas-y-capacitaciones\\\/#breadcrumb\"},\"inLanguage\":\"es\",\"potentialAction\":[{\"@type\":\"ReadAction\",\"target\":[\"https:\\\/\\\/ruralrafaela.com.ar\\\/exporural2023\\\/charlas-y-capacitaciones\\\/\"]}]},{\"@type\":\"ImageObject\",\"inLanguage\":\"es\",\"@id\":\"https:\\\/\\\/ruralrafaela.com.ar\\\/exporural2023\\\/charlas-y-capacitaciones\\\/#primaryimage\",\"url\":\"https:\\\/\\\/ruralrafaela.com.ar\\\/exporural2023\\\/wp-content\\\/uploads\\\/sites\\\/21\\\/2023\\\/09\\\/charlas-576x1024.jpeg\",\"contentUrl\":\"https:\\\/\\\/ruralrafaela.com.ar\\\/exporural2023\\\/wp-content\\\/uploads\\\/sites\\\/21\\\/2023\\\/09\\\/charlas-576x1024.jpeg\"},{\"@type\":\"BreadcrumbList\",\"@id\":\"https:\\\/\\\/ruralrafaela.com.ar\\\/exporural2023\\\/charlas-y-capacitaciones\\\/#breadcrumb\",\"itemListElement\":[{\"@type\":\"ListItem\",\"position\":1,\"name\":\"Portada\",\"item\":\"https:\\\/\\\/ruralrafaela.com.ar\\\/exporural2023\\\/\"},{\"@type\":\"ListItem\",\"position\":2,\"name\":\"Charlas y Capacitaciones\"}]},{\"@type\":\"WebSite\",\"@id\":\"https:\\\/\\\/ruralrafaela.com.ar\\\/exporural2023\\\/#website\",\"url\":\"https:\\\/\\\/ruralrafaela.com.ar\\\/exporural2023\\\/\",\"name\":\"116 Expo Rural Rafaela 2023\",\"description\":\"Sitio oficial de la Expo Rural Rafaela\",\"publisher\":{\"@id\":\"https:\\\/\\\/ruralrafaela.com.ar\\\/exporural2023\\\/#organization\"},\"potentialAction\":[{\"@type\":\"SearchAction\",\"target\":{\"@type\":\"EntryPoint\",\"urlTemplate\":\"https:\\\/\\\/ruralrafaela.com.ar\\\/exporural2023\\\/?s={search_term_string}\"},\"query-input\":{\"@type\":\"PropertyValueSpecification\",\"valueRequired\":true,\"valueName\":\"search_term_string\"}}],\"inLanguage\":\"es\"},{\"@type\":\"Organization\",\"@id\":\"https:\\\/\\\/ruralrafaela.com.ar\\\/exporural2023\\\/#organization\",\"name\":\"116 Expo Rural Rafaela 2023\",\"url\":\"https:\\\/\\\/ruralrafaela.com.ar\\\/exporural2023\\\/\",\"logo\":{\"@type\":\"ImageObject\",\"inLanguage\":\"es\",\"@id\":\"https:\\\/\\\/ruralrafaela.com.ar\\\/exporural2023\\\/#\\\/schema\\\/logo\\\/image\\\/\",\"url\":\"https:\\\/\\\/ruralrafaela.com.ar\\\/exporural2023\\\/wp-content\\\/uploads\\\/sites\\\/21\\\/2023\\\/08\\\/cropped-logoH.jpg\",\"contentUrl\":\"https:\\\/\\\/ruralrafaela.com.ar\\\/exporural2023\\\/wp-content\\\/uploads\\\/sites\\\/21\\\/2023\\\/08\\\/cropped-logoH.jpg\",\"width\":250,\"height\":57,\"caption\":\"116 Expo Rural Rafaela 2023 \"},\"image\":{\"@id\":\"https:\\\/\\\/ruralrafaela.com.ar\\\/exporural2023\\\/#\\\/schema\\\/logo\\\/image\\\/\"}}]}<\/script>\n<!-- \/ Yoast SEO plugin. -->","yoast_head_json":{"title":"Charlas y Capacitaciones - 116 Expo Rural Rafaela 2023","description":"Enterate de todas las capacitaciones que te ofrecemos en la 115\u00ba Expo Rural Rafaela.","robots":{"index":"index","follow":"follow","max-snippet":"max-snippet:-1","max-image-preview":"max-image-preview:large","max-video-preview":"max-video-preview:-1"},"canonical":"https:\/\/ruralrafaela.com.ar\/exporural2023\/charlas-y-capacitaciones\/","og_locale":"es_ES","og_type":"article","og_title":"Charlas y Capacitaciones - 116 Expo Rural Rafaela 2023","og_description":"Enterate de todas las capacitaciones que te ofrecemos en la 115\u00ba Expo Rural Rafaela.","og_url":"https:\/\/ruralrafaela.com.ar\/exporural2023\/charlas-y-capacitaciones\/","og_site_name":"116 Expo Rural Rafaela 2023","article_modified_time":"2023-09-20T15:10:27+00:00","og_image":[{"url":"https:\/\/ruralrafaela.com.ar\/exporural2023\/wp-content\/uploads\/sites\/21\/2023\/09\/charlas-576x1024.jpeg","type":"","width":"","height":""}],"twitter_card":"summary_large_image","twitter_misc":{"Tiempo de lectura":"3 minutos"},"schema":{"@context":"https:\/\/schema.org","@graph":[{"@type":"WebPage","@id":"https:\/\/ruralrafaela.com.ar\/exporural2023\/charlas-y-capacitaciones\/","url":"https:\/\/ruralrafaela.com.ar\/exporural2023\/charlas-y-capacitaciones\/","name":"Charlas y Capacitaciones - 116 Expo Rural Rafaela 2023","isPartOf":{"@id":"https:\/\/ruralrafaela.com.ar\/exporural2023\/#website"},"primaryImageOfPage":{"@id":"https:\/\/ruralrafaela.com.ar\/exporural2023\/charlas-y-capacitaciones\/#primaryimage"},"image":{"@id":"https:\/\/ruralrafaela.com.ar\/exporural2023\/charlas-y-capacitaciones\/#primaryimage"},"thumbnailUrl":"https:\/\/ruralrafaela.com.ar\/exporural2023\/wp-content\/uploads\/sites\/21\/2023\/09\/charlas-576x1024.jpeg","datePublished":"2022-08-24T15:51:30+00:00","dateModified":"2023-09-20T15:10:27+00:00","description":"Enterate de todas las capacitaciones que te ofrecemos en la 115\u00ba Expo Rural Rafaela.","breadcrumb":{"@id":"https:\/\/ruralrafaela.com.ar\/exporural2023\/charlas-y-capacitaciones\/#breadcrumb"},"inLanguage":"es","potentialAction":[{"@type":"ReadAction","target":["https:\/\/ruralrafaela.com.ar\/exporural2023\/charlas-y-capacitaciones\/"]}]},{"@type":"ImageObject","inLanguage":"es","@id":"https:\/\/ruralrafaela.com.ar\/exporural2023\/charlas-y-capacitaciones\/#primaryimage","url":"https:\/\/ruralrafaela.com.ar\/exporural2023\/wp-content\/uploads\/sites\/21\/2023\/09\/charlas-576x1024.jpeg","contentUrl":"https:\/\/ruralrafaela.com.ar\/exporural2023\/wp-content\/uploads\/sites\/21\/2023\/09\/charlas-576x1024.jpeg"},{"@type":"BreadcrumbList","@id":"https:\/\/ruralrafaela.com.ar\/exporural2023\/charlas-y-capacitaciones\/#breadcrumb","itemListElement":[{"@type":"ListItem","position":1,"name":"Portada","item":"https:\/\/ruralrafaela.com.ar\/exporural2023\/"},{"@type":"ListItem","position":2,"name":"Charlas y Capacitaciones"}]},{"@type":"WebSite","@id":"https:\/\/ruralrafaela.com.ar\/exporural2023\/#website","url":"https:\/\/ruralrafaela.com.ar\/exporural2023\/","name":"116 Expo Rural Rafaela 2023","description":"Sitio oficial de la Expo Rural Rafaela","publisher":{"@id":"https:\/\/ruralrafaela.com.ar\/exporural2023\/#organization"},"potentialAction":[{"@type":"SearchAction","target":{"@type":"EntryPoint","urlTemplate":"https:\/\/ruralrafaela.com.ar\/exporural2023\/?s={search_term_string}"},"query-input":{"@type":"PropertyValueSpecification","valueRequired":true,"valueName":"search_term_string"}}],"inLanguage":"es"},{"@type":"Organization","@id":"https:\/\/ruralrafaela.com.ar\/exporural2023\/#organization","name":"116 Expo Rural Rafaela 2023","url":"https:\/\/ruralrafaela.com.ar\/exporural2023\/","logo":{"@type":"ImageObject","inLanguage":"es","@id":"https:\/\/ruralrafaela.com.ar\/exporural2023\/#\/schema\/logo\/image\/","url":"https:\/\/ruralrafaela.com.ar\/exporural2023\/wp-content\/uploads\/sites\/21\/2023\/08\/cropped-logoH.jpg","contentUrl":"https:\/\/ruralrafaela.com.ar\/exporural2023\/wp-content\/uploads\/sites\/21\/2023\/08\/cropped-logoH.jpg","width":250,"height":57,"caption":"116 Expo Rural Rafaela 2023 "},"image":{"@id":"https:\/\/ruralrafaela.com.ar\/exporural2023\/#\/schema\/logo\/image\/"}}]}},"_links":{"self":[{"href":"https:\/\/ruralrafaela.com.ar\/exporural2023\/wp-json\/wp\/v2\/pages\/39","targetHints":{"allow":["GET"]}}],"collection":[{"href":"https:\/\/ruralrafaela.com.ar\/exporural2023\/wp-json\/wp\/v2\/pages"}],"about":[{"href":"https:\/\/ruralrafaela.com.ar\/exporural2023\/wp-json\/wp\/v2\/types\/page"}],"author":[{"embeddable":true,"href":"https:\/\/ruralrafaela.com.ar\/exporural2023\/wp-json\/wp\/v2\/users\/2"}],"replies":[{"embeddable":true,"href":"https:\/\/ruralrafaela.com.ar\/exporural2023\/wp-json\/wp\/v2\/comments?post=39"}],"version-history":[{"count":20,"href":"https:\/\/ruralrafaela.com.ar\/exporural2023\/wp-json\/wp\/v2\/pages\/39\/revisions"}],"predecessor-version":[{"id":6464,"href":"https:\/\/ruralrafaela.com.ar\/exporural2023\/wp-json\/wp\/v2\/pages\/39\/revisions\/6464"}],"wp:attachment":[{"href":"https:\/\/ruralrafaela.com.ar\/exporural2023\/wp-json\/wp\/v2\/media?parent=39"}],"curies":[{"name":"wp","href":"https:\/\/api.w.org\/{rel}","templated":true}]}}